{"id":1664,"date":"2025-08-14T12:26:59","date_gmt":"2025-08-14T10:26:59","guid":{"rendered":"https:\/\/gruetli.com\/fotogalerie\/"},"modified":"2025-08-20T12:30:18","modified_gmt":"2025-08-20T10:30:18","slug":"fotogalerie","status":"publish","type":"page","link":"https:\/\/gruetli.com\/de\/fotogalerie\/","title":{"rendered":"Fotogalerie"},"content":{"rendered":"\t\t<div data-elementor-type=\"wp-page\" data-elementor-id=\"1664\" class=\"elementor elementor-1664 elementor-1536\" data-elementor-post-type=\"page\">\n\t\t\t\t<div class=\"has_ae_slider elementor-element elementor-element-9787b8c elementor-hidden-tablet_extra elementor-hidden-tablet elementor-hidden-mobile_extra elementor-hidden-mobile e-flex e-con-boxed ae-bg-gallery-type-default e-con e-parent\" data-id=\"9787b8c\" data-element_type=\"container\" data-settings=\"{&quot;background_background&quot;:&quot;classic&quot;}\">\n\t\t\t\t\t<div class=\"e-con-inner\">\n\t\t\t\t\t<\/div>\n\t\t\t\t<\/div>\n\t\t<div class=\"has_ae_slider elementor-element elementor-element-e9c02fb e-flex e-con-boxed ae-bg-gallery-type-default e-con e-parent\" data-id=\"e9c02fb\" data-element_type=\"container\" data-settings=\"{&quot;background_background&quot;:&quot;classic&quot;}\">\n\t\t\t\t\t<div class=\"e-con-inner\">\n\t\t\t\t<div class=\"elementor-element elementor-element-ba3c5b1 souligne elementor-widget elementor-widget-heading\" data-id=\"ba3c5b1\" data-element_type=\"widget\" data-widget_type=\"heading.default\">\n\t\t\t\t<div class=\"elementor-widget-container\">\n\t\t\t\t\t<h1 class=\"elementor-heading-title elementor-size-default\">Fotogalerie<\/h1>\t\t\t\t<\/div>\n\t\t\t\t<\/div>\n\t\t\t\t<div class=\"elementor-element elementor-element-c11c2f3 elementor-widget elementor-widget-gallery\" data-id=\"c11c2f3\" data-element_type=\"widget\" data-settings=\"{&quot;gallery_layout&quot;:&quot;masonry&quot;,&quot;lazyload&quot;:&quot;yes&quot;,&quot;columns&quot;:4,&quot;columns_tablet&quot;:2,&quot;columns_mobile&quot;:1,&quot;gap&quot;:{&quot;unit&quot;:&quot;px&quot;,&quot;size&quot;:10,&quot;sizes&quot;:[]},&quot;gap_widescreen&quot;:{&quot;unit&quot;:&quot;px&quot;,&quot;size&quot;:&quot;&quot;,&quot;sizes&quot;:[]},&quot;gap_laptop&quot;:{&quot;unit&quot;:&quot;px&quot;,&quot;size&quot;:10,&quot;sizes&quot;:[]},&quot;gap_tablet_extra&quot;:{&quot;unit&quot;:&quot;px&quot;,&quot;size&quot;:10,&quot;sizes&quot;:[]},&quot;gap_tablet&quot;:{&quot;unit&quot;:&quot;px&quot;,&quot;size&quot;:10,&quot;sizes&quot;:[]},&quot;gap_mobile_extra&quot;:{&quot;unit&quot;:&quot;px&quot;,&quot;size&quot;:10,&quot;sizes&quot;:[]},&quot;gap_mobile&quot;:{&quot;unit&quot;:&quot;px&quot;,&quot;size&quot;:10,&quot;sizes&quot;:[]},&quot;link_to&quot;:&quot;file&quot;,&quot;overlay_background&quot;:&quot;yes&quot;,&quot;content_hover_animation&quot;:&quot;fade-in&quot;}\" data-widget_type=\"gallery.default\">\n\t\t\t\t<div class=\"elementor-widget-container\">\n\t\t\t\t\t\t\t<div class=\"elementor-gallery__container\">\n\t\t\t\t\t\t\t<a class=\"e-gallery-item elementor-gallery-item elementor-animated-content\" href=\"https:\/\/gruetli.com\/wp-content\/uploads\/2025\/08\/Graburne_verrottbar_Prairie06.jpg\" data-elementor-open-lightbox=\"yes\" data-elementor-lightbox-slideshow=\"c11c2f3\" data-elementor-lightbox-title=\"Graburne_verrottbar_Prairie06\" data-e-action-hash=\"#elementor-action%3Aaction%3Dlightbox%26settings%3DeyJpZCI6MTc2MCwidXJsIjoiaHR0cHM6XC9cL2dydWV0bGkuY29tXC93cC1jb250ZW50XC91cGxvYWRzXC8yMDI1XC8wOFwvR3JhYnVybmVfdmVycm90dGJhcl9QcmFpcmllMDYuanBnIiwic2xpZGVzaG93IjoiYzExYzJmMyJ9\">\n\t\t\t\t\t<div class=\"e-gallery-image elementor-gallery-item__image\" data-thumbnail=\"https:\/\/gruetli.com\/wp-content\/uploads\/2025\/08\/Graburne_verrottbar_Prairie06-768x1159.jpg\" data-width=\"768\" data-height=\"1159\" aria-label=\"Tierurne biologisch abbaubar kompostierbar verrottbar nachhaltig recycelbar naturlich Schweizer Produkt FSC Papier kostenlose Lieferung\" role=\"img\" ><\/div>\n\t\t\t\t\t\t\t\t\t\t\t<div class=\"elementor-gallery-item__overlay\"><\/div>\n\t\t\t\t\t\t\t\t\t\t\t\t\t\t<\/a>\n\t\t\t\t\t\t\t<a class=\"e-gallery-item elementor-gallery-item elementor-animated-content\" href=\"https:\/\/gruetli.com\/wp-content\/uploads\/2025\/08\/Urne_aus_Heu_Prairie01.jpg\" data-elementor-open-lightbox=\"yes\" data-elementor-lightbox-slideshow=\"c11c2f3\" data-elementor-lightbox-title=\"Urne_aus_Heu_Prairie01\" data-e-action-hash=\"#elementor-action%3Aaction%3Dlightbox%26settings%3DeyJpZCI6MTc2OCwidXJsIjoiaHR0cHM6XC9cL2dydWV0bGkuY29tXC93cC1jb250ZW50XC91cGxvYWRzXC8yMDI1XC8wOFwvVXJuZV9hdXNfSGV1X1ByYWlyaWUwMS5qcGciLCJzbGlkZXNob3ciOiJjMTFjMmYzIn0%3D\">\n\t\t\t\t\t<div class=\"e-gallery-image elementor-gallery-item__image\" data-thumbnail=\"https:\/\/gruetli.com\/wp-content\/uploads\/2025\/08\/Urne_aus_Heu_Prairie01-768x509.jpg\" data-width=\"768\" data-height=\"509\" aria-label=\"Urne fun\u00e9raire biod\u00e9gradable, compostable, d\u00e9composable, durable, recyclable, naturel, produit-suisse, papier FSC, livraison gratuite\" role=\"img\" ><\/div>\n\t\t\t\t\t\t\t\t\t\t\t<div class=\"elementor-gallery-item__overlay\"><\/div>\n\t\t\t\t\t\t\t\t\t\t\t\t\t\t<\/a>\n\t\t\t\t\t\t\t<a class=\"e-gallery-item elementor-gallery-item elementor-animated-content\" href=\"https:\/\/gruetli.com\/wp-content\/uploads\/2025\/08\/Urne_funraire_Onyx02.jpg\" data-elementor-open-lightbox=\"yes\" data-elementor-lightbox-slideshow=\"c11c2f3\" data-elementor-lightbox-title=\"Urne_funraire_Onyx02\" data-e-action-hash=\"#elementor-action%3Aaction%3Dlightbox%26settings%3DeyJpZCI6MTc4MiwidXJsIjoiaHR0cHM6XC9cL2dydWV0bGkuY29tXC93cC1jb250ZW50XC91cGxvYWRzXC8yMDI1XC8wOFwvVXJuZV9mdW5yYWlyZV9Pbnl4MDIuanBnIiwic2xpZGVzaG93IjoiYzExYzJmMyJ9\">\n\t\t\t\t\t<div class=\"e-gallery-image elementor-gallery-item__image\" data-thumbnail=\"https:\/\/gruetli.com\/wp-content\/uploads\/2025\/08\/Urne_funraire_Onyx02-768x509.jpg\" data-width=\"768\" data-height=\"509\" aria-label=\"Urne fun\u00e9raire biod\u00e9gradable, compostable, d\u00e9composable, durable, recyclable, naturel, produit-suisse, papier FSC, livraison gratuite\" role=\"img\" ><\/div>\n\t\t\t\t\t\t\t\t\t\t\t<div class=\"elementor-gallery-item__overlay\"><\/div>\n\t\t\t\t\t\t\t\t\t\t\t\t\t\t<\/a>\n\t\t\t\t\t\t\t<a class=\"e-gallery-item elementor-gallery-item elementor-animated-content\" href=\"https:\/\/gruetli.com\/wp-content\/uploads\/2025\/08\/BESTAT-3.jpg\" data-elementor-open-lightbox=\"yes\" data-elementor-lightbox-slideshow=\"c11c2f3\" data-elementor-lightbox-title=\"BESTAT-3\" data-e-action-hash=\"#elementor-action%3Aaction%3Dlightbox%26settings%3DeyJpZCI6MTc0OCwidXJsIjoiaHR0cHM6XC9cL2dydWV0bGkuY29tXC93cC1jb250ZW50XC91cGxvYWRzXC8yMDI1XC8wOFwvQkVTVEFULTMuanBnIiwic2xpZGVzaG93IjoiYzExYzJmMyJ9\">\n\t\t\t\t\t<div class=\"e-gallery-image elementor-gallery-item__image\" data-thumbnail=\"https:\/\/gruetli.com\/wp-content\/uploads\/2025\/08\/BESTAT-3-768x506.jpg\" data-width=\"768\" data-height=\"506\" aria-label=\"Urne fun\u00e9raire biod\u00e9gradable, compostable, d\u00e9composable, durable, recyclable, naturel, produit-suisse, papier FSC, livraison gratuite\" role=\"img\" ><\/div>\n\t\t\t\t\t\t\t\t\t\t\t<div class=\"elementor-gallery-item__overlay\"><\/div>\n\t\t\t\t\t\t\t\t\t\t\t\t\t\t<\/a>\n\t\t\t\t\t\t\t<a class=\"e-gallery-item elementor-gallery-item elementor-animated-content\" href=\"https:\/\/gruetli.com\/wp-content\/uploads\/2025\/08\/Urne_ecologique_Perle08.jpg\" data-elementor-open-lightbox=\"yes\" data-elementor-lightbox-slideshow=\"c11c2f3\" data-elementor-lightbox-title=\"Urne_ecologique_Perle08\" data-e-action-hash=\"#elementor-action%3Aaction%3Dlightbox%26settings%3DeyJpZCI6MTc3MiwidXJsIjoiaHR0cHM6XC9cL2dydWV0bGkuY29tXC93cC1jb250ZW50XC91cGxvYWRzXC8yMDI1XC8wOFwvVXJuZV9lY29sb2dpcXVlX1BlcmxlMDguanBnIiwic2xpZGVzaG93IjoiYzExYzJmMyJ9\">\n\t\t\t\t\t<div class=\"e-gallery-image elementor-gallery-item__image\" data-thumbnail=\"https:\/\/gruetli.com\/wp-content\/uploads\/2025\/08\/Urne_ecologique_Perle08-768x1159.jpg\" data-width=\"768\" data-height=\"1159\" aria-label=\"Urne fun\u00e9raire biod\u00e9gradable, compostable, d\u00e9composable, durable, recyclable, naturel, produit-suisse, papier FSC, livraison gratuite\" role=\"img\" ><\/div>\n\t\t\t\t\t\t\t\t\t\t\t<div class=\"elementor-gallery-item__overlay\"><\/div>\n\t\t\t\t\t\t\t\t\t\t\t\t\t\t<\/a>\n\t\t\t\t\t\t\t<a class=\"e-gallery-item elementor-gallery-item elementor-animated-content\" href=\"https:\/\/gruetli.com\/wp-content\/uploads\/2025\/08\/Graburne_Herba01.jpg\" data-elementor-open-lightbox=\"yes\" data-elementor-lightbox-slideshow=\"c11c2f3\" data-elementor-lightbox-title=\"Graburne_Herba01\" data-e-action-hash=\"#elementor-action%3Aaction%3Dlightbox%26settings%3DeyJpZCI6MTc1NiwidXJsIjoiaHR0cHM6XC9cL2dydWV0bGkuY29tXC93cC1jb250ZW50XC91cGxvYWRzXC8yMDI1XC8wOFwvR3JhYnVybmVfSGVyYmEwMS5qcGciLCJzbGlkZXNob3ciOiJjMTFjMmYzIn0%3D\">\n\t\t\t\t\t<div class=\"e-gallery-image elementor-gallery-item__image\" data-thumbnail=\"https:\/\/gruetli.com\/wp-content\/uploads\/2025\/08\/Graburne_Herba01-768x1159.jpg\" data-width=\"768\" data-height=\"1159\" aria-label=\"Tierurne biologisch abbaubar kompostierbar verrottbar nachhaltig recycelbar naturlich Schweizer Produkt FSC Papier kostenlose Lieferung\" role=\"img\" ><\/div>\n\t\t\t\t\t\t\t\t\t\t\t<div class=\"elementor-gallery-item__overlay\"><\/div>\n\t\t\t\t\t\t\t\t\t\t\t\t\t\t<\/a>\n\t\t\t\t\t\t\t<a class=\"e-gallery-item elementor-gallery-item elementor-animated-content\" href=\"https:\/\/gruetli.com\/wp-content\/uploads\/2025\/08\/Urne_abbaubar_Onyx.jpg\" data-elementor-open-lightbox=\"yes\" data-elementor-lightbox-slideshow=\"c11c2f3\" data-elementor-lightbox-title=\"Urne_abbaubar_Onyx\" data-e-action-hash=\"#elementor-action%3Aaction%3Dlightbox%26settings%3DeyJpZCI6MTc2NiwidXJsIjoiaHR0cHM6XC9cL2dydWV0bGkuY29tXC93cC1jb250ZW50XC91cGxvYWRzXC8yMDI1XC8wOFwvVXJuZV9hYmJhdWJhcl9Pbnl4LmpwZyIsInNsaWRlc2hvdyI6ImMxMWMyZjMifQ%3D%3D\">\n\t\t\t\t\t<div class=\"e-gallery-image elementor-gallery-item__image\" data-thumbnail=\"https:\/\/gruetli.com\/wp-content\/uploads\/2025\/08\/Urne_abbaubar_Onyx-768x1024.jpg\" data-width=\"768\" data-height=\"1024\" aria-label=\"Urne fun\u00e9raire biod\u00e9gradable, compostable, d\u00e9composable, durable, recyclable, naturel, produit-suisse, papier FSC, livraison gratuite\" role=\"img\" ><\/div>\n\t\t\t\t\t\t\t\t\t\t\t<div class=\"elementor-gallery-item__overlay\"><\/div>\n\t\t\t\t\t\t\t\t\t\t\t\t\t\t<\/a>\n\t\t\t\t\t\t\t<a class=\"e-gallery-item elementor-gallery-item elementor-animated-content\" href=\"https:\/\/gruetli.com\/wp-content\/uploads\/2025\/08\/Graburne_Perle02.jpg\" data-elementor-open-lightbox=\"yes\" data-elementor-lightbox-slideshow=\"c11c2f3\" data-elementor-lightbox-title=\"Graburne_Perle02\" data-e-action-hash=\"#elementor-action%3Aaction%3Dlightbox%26settings%3DeyJpZCI6MTc1OCwidXJsIjoiaHR0cHM6XC9cL2dydWV0bGkuY29tXC93cC1jb250ZW50XC91cGxvYWRzXC8yMDI1XC8wOFwvR3JhYnVybmVfUGVybGUwMi5qcGciLCJzbGlkZXNob3ciOiJjMTFjMmYzIn0%3D\">\n\t\t\t\t\t<div class=\"e-gallery-image elementor-gallery-item__image\" data-thumbnail=\"https:\/\/gruetli.com\/wp-content\/uploads\/2025\/08\/Graburne_Perle02-768x509.jpg\" data-width=\"768\" data-height=\"509\" aria-label=\"Tierurne biologisch abbaubar kompostierbar verrottbar nachhaltig recycelbar naturlich Schweizer Produkt FSC Papier kostenlose Lieferung\" role=\"img\" ><\/div>\n\t\t\t\t\t\t\t\t\t\t\t<div class=\"elementor-gallery-item__overlay\"><\/div>\n\t\t\t\t\t\t\t\t\t\t\t\t\t\t<\/a>\n\t\t\t\t\t\t\t<a class=\"e-gallery-item elementor-gallery-item elementor-animated-content\" href=\"https:\/\/gruetli.com\/wp-content\/uploads\/2025\/08\/Urne-funeraire-biodegradable-compostable-decomposable-durable-recyclable-naturel-produit-suisse-papier-FSC-livraison-gratuite_02.jpg\" data-elementor-open-lightbox=\"yes\" data-elementor-lightbox-slideshow=\"c11c2f3\" data-elementor-lightbox-title=\"Urne-funeraire-biodegradable-compostable-decomposable-durable-recyclable-naturel-produit-suisse-papier-FSC-livraison-gratuite_02\" data-e-action-hash=\"#elementor-action%3Aaction%3Dlightbox%26settings%3DeyJpZCI6MTc4NCwidXJsIjoiaHR0cHM6XC9cL2dydWV0bGkuY29tXC93cC1jb250ZW50XC91cGxvYWRzXC8yMDI1XC8wOFwvVXJuZS1mdW5lcmFpcmUtYmlvZGVncmFkYWJsZS1jb21wb3N0YWJsZS1kZWNvbXBvc2FibGUtZHVyYWJsZS1yZWN5Y2xhYmxlLW5hdHVyZWwtcHJvZHVpdC1zdWlzc2UtcGFwaWVyLUZTQy1saXZyYWlzb24tZ3JhdHVpdGVfMDIuanBnIiwic2xpZGVzaG93IjoiYzExYzJmMyJ9\">\n\t\t\t\t\t<div class=\"e-gallery-image elementor-gallery-item__image\" data-thumbnail=\"https:\/\/gruetli.com\/wp-content\/uploads\/2025\/08\/Urne-funeraire-biodegradable-compostable-decomposable-durable-recyclable-naturel-produit-suisse-papier-FSC-livraison-gratuite_02-768x1024.jpg\" data-width=\"768\" data-height=\"1024\" aria-label=\"Urne fun\u00e9raire biod\u00e9gradable, compostable, d\u00e9composable, durable, recyclable, naturel, produit-suisse, papier FSC, livraison gratuite\" role=\"img\" ><\/div>\n\t\t\t\t\t\t\t\t\t\t\t<div class=\"elementor-gallery-item__overlay\"><\/div>\n\t\t\t\t\t\t\t\t\t\t\t\t\t\t<\/a>\n\t\t\t\t\t\t\t<a class=\"e-gallery-item elementor-gallery-item elementor-animated-content\" href=\"https:\/\/gruetli.com\/wp-content\/uploads\/2025\/08\/Urne-funeraire-biodegradable-compostable-decomposable-durable-recyclable-naturel-produit-suisse-papier-FSC-livraison-gratuite_05.jpg\" data-elementor-open-lightbox=\"yes\" data-elementor-lightbox-slideshow=\"c11c2f3\" data-elementor-lightbox-title=\"Urne-funeraire-biodegradable-compostable-decomposable-durable-recyclable-naturel-produit-suisse-papier-FSC-livraison-gratuite_05\" data-e-action-hash=\"#elementor-action%3Aaction%3Dlightbox%26settings%3DeyJpZCI6MTc4OCwidXJsIjoiaHR0cHM6XC9cL2dydWV0bGkuY29tXC93cC1jb250ZW50XC91cGxvYWRzXC8yMDI1XC8wOFwvVXJuZS1mdW5lcmFpcmUtYmlvZGVncmFkYWJsZS1jb21wb3N0YWJsZS1kZWNvbXBvc2FibGUtZHVyYWJsZS1yZWN5Y2xhYmxlLW5hdHVyZWwtcHJvZHVpdC1zdWlzc2UtcGFwaWVyLUZTQy1saXZyYWlzb24tZ3JhdHVpdGVfMDUuanBnIiwic2xpZGVzaG93IjoiYzExYzJmMyJ9\">\n\t\t\t\t\t<div class=\"e-gallery-image elementor-gallery-item__image\" data-thumbnail=\"https:\/\/gruetli.com\/wp-content\/uploads\/2025\/08\/Urne-funeraire-biodegradable-compostable-decomposable-durable-recyclable-naturel-produit-suisse-papier-FSC-livraison-gratuite_05-768x1146.jpg\" data-width=\"768\" data-height=\"1146\" aria-label=\"Urne fun\u00e9raire biod\u00e9gradable, compostable, decomposable-durable-recyclable-naturel-produit-suisse-papier-FSC-livraison-gratuite_05\" role=\"img\" ><\/div>\n\t\t\t\t\t\t\t\t\t\t\t<div class=\"elementor-gallery-item__overlay\"><\/div>\n\t\t\t\t\t\t\t\t\t\t\t\t\t\t<\/a>\n\t\t\t\t\t\t\t<a class=\"e-gallery-item elementor-gallery-item elementor-animated-content\" href=\"https:\/\/gruetli.com\/wp-content\/uploads\/2025\/08\/Umweltfreundliche_Graburne_Perle07.jpg\" data-elementor-open-lightbox=\"yes\" data-elementor-lightbox-slideshow=\"c11c2f3\" data-elementor-lightbox-title=\"Umweltfreundliche_Graburne_Perle07\" data-e-action-hash=\"#elementor-action%3Aaction%3Dlightbox%26settings%3DeyJpZCI6MTc2NCwidXJsIjoiaHR0cHM6XC9cL2dydWV0bGkuY29tXC93cC1jb250ZW50XC91cGxvYWRzXC8yMDI1XC8wOFwvVW13ZWx0ZnJldW5kbGljaGVfR3JhYnVybmVfUGVybGUwNy5qcGciLCJzbGlkZXNob3ciOiJjMTFjMmYzIn0%3D\">\n\t\t\t\t\t<div class=\"e-gallery-image elementor-gallery-item__image\" data-thumbnail=\"https:\/\/gruetli.com\/wp-content\/uploads\/2025\/08\/Umweltfreundliche_Graburne_Perle07-768x1159.jpg\" data-width=\"768\" data-height=\"1159\" aria-label=\"Urne fun\u00e9raire biod\u00e9gradable, compostable, d\u00e9composable, durable, recyclable, naturel, produit-suisse, papier FSC, livraison gratuite\" role=\"img\" ><\/div>\n\t\t\t\t\t\t\t\t\t\t\t<div class=\"elementor-gallery-item__overlay\"><\/div>\n\t\t\t\t\t\t\t\t\t\t\t\t\t\t<\/a>\n\t\t\t\t\t\t\t<a class=\"e-gallery-item elementor-gallery-item elementor-animated-content\" href=\"https:\/\/gruetli.com\/wp-content\/uploads\/2025\/08\/BESTAT-1.jpg\" data-elementor-open-lightbox=\"yes\" data-elementor-lightbox-slideshow=\"c11c2f3\" data-elementor-lightbox-title=\"BESTAT-1\" data-e-action-hash=\"#elementor-action%3Aaction%3Dlightbox%26settings%3DeyJpZCI6MTc0NCwidXJsIjoiaHR0cHM6XC9cL2dydWV0bGkuY29tXC93cC1jb250ZW50XC91cGxvYWRzXC8yMDI1XC8wOFwvQkVTVEFULTEuanBnIiwic2xpZGVzaG93IjoiYzExYzJmMyJ9\">\n\t\t\t\t\t<div class=\"e-gallery-image elementor-gallery-item__image\" data-thumbnail=\"https:\/\/gruetli.com\/wp-content\/uploads\/2025\/08\/BESTAT-1-768x960.jpg\" data-width=\"768\" data-height=\"960\" aria-label=\"Urne fun\u00e9raire biod\u00e9gradable, compostable, d\u00e9composable, durable, recyclable, naturel, produit-suisse, papier FSC, livraison gratuite\" role=\"img\" ><\/div>\n\t\t\t\t\t\t\t\t\t\t\t<div class=\"elementor-gallery-item__overlay\"><\/div>\n\t\t\t\t\t\t\t\t\t\t\t\t\t\t<\/a>\n\t\t\t\t\t\t\t<a class=\"e-gallery-item elementor-gallery-item elementor-animated-content\" href=\"https:\/\/gruetli.com\/wp-content\/uploads\/2025\/08\/Urne_enfant_Teddy01.jpg\" data-elementor-open-lightbox=\"yes\" data-elementor-lightbox-slideshow=\"c11c2f3\" data-elementor-lightbox-title=\"Urne_enfant_Teddy01\" data-e-action-hash=\"#elementor-action%3Aaction%3Dlightbox%26settings%3DeyJpZCI6MTc3NCwidXJsIjoiaHR0cHM6XC9cL2dydWV0bGkuY29tXC93cC1jb250ZW50XC91cGxvYWRzXC8yMDI1XC8wOFwvVXJuZV9lbmZhbnRfVGVkZHkwMS5qcGciLCJzbGlkZXNob3ciOiJjMTFjMmYzIn0%3D\">\n\t\t\t\t\t<div class=\"e-gallery-image elementor-gallery-item__image\" data-thumbnail=\"https:\/\/gruetli.com\/wp-content\/uploads\/2025\/08\/Urne_enfant_Teddy01-768x509.jpg\" data-width=\"768\" data-height=\"509\" aria-label=\"Urne fun\u00e9raire biod\u00e9gradable, compostable, d\u00e9composable, durable, recyclable, naturel, produit-suisse, papier FSC, livraison gratuite\" role=\"img\" ><\/div>\n\t\t\t\t\t\t\t\t\t\t\t<div class=\"elementor-gallery-item__overlay\"><\/div>\n\t\t\t\t\t\t\t\t\t\t\t\t\t\t<\/a>\n\t\t\t\t\t\t\t<a class=\"e-gallery-item elementor-gallery-item elementor-animated-content\" href=\"https:\/\/gruetli.com\/wp-content\/uploads\/2025\/08\/Urne_funeraire_Herba05.jpg\" data-elementor-open-lightbox=\"yes\" data-elementor-lightbox-slideshow=\"c11c2f3\" data-elementor-lightbox-title=\"Urne_funeraire_Herba05\" data-e-action-hash=\"#elementor-action%3Aaction%3Dlightbox%26settings%3DeyJpZCI6MTc3NiwidXJsIjoiaHR0cHM6XC9cL2dydWV0bGkuY29tXC93cC1jb250ZW50XC91cGxvYWRzXC8yMDI1XC8wOFwvVXJuZV9mdW5lcmFpcmVfSGVyYmEwNS5qcGciLCJzbGlkZXNob3ciOiJjMTFjMmYzIn0%3D\">\n\t\t\t\t\t<div class=\"e-gallery-image elementor-gallery-item__image\" data-thumbnail=\"https:\/\/gruetli.com\/wp-content\/uploads\/2025\/08\/Urne_funeraire_Herba05-768x509.jpg\" data-width=\"768\" data-height=\"509\" aria-label=\"Urne fun\u00e9raire biod\u00e9gradable, compostable, d\u00e9composable, durable, recyclable, naturel, produit-suisse, papier FSC, livraison gratuite\" role=\"img\" ><\/div>\n\t\t\t\t\t\t\t\t\t\t\t<div class=\"elementor-gallery-item__overlay\"><\/div>\n\t\t\t\t\t\t\t\t\t\t\t\t\t\t<\/a>\n\t\t\t\t\t\t\t<a class=\"e-gallery-item elementor-gallery-item elementor-animated-content\" href=\"https:\/\/gruetli.com\/wp-content\/uploads\/2025\/08\/Urne_funeraire_Prairie05.jpg\" data-elementor-open-lightbox=\"yes\" data-elementor-lightbox-slideshow=\"c11c2f3\" data-elementor-lightbox-title=\"Urne_funeraire_Prairie05\" data-e-action-hash=\"#elementor-action%3Aaction%3Dlightbox%26settings%3DeyJpZCI6MTc4MCwidXJsIjoiaHR0cHM6XC9cL2dydWV0bGkuY29tXC93cC1jb250ZW50XC91cGxvYWRzXC8yMDI1XC8wOFwvVXJuZV9mdW5lcmFpcmVfUHJhaXJpZTA1LmpwZyIsInNsaWRlc2hvdyI6ImMxMWMyZjMifQ%3D%3D\">\n\t\t\t\t\t<div class=\"e-gallery-image elementor-gallery-item__image\" data-thumbnail=\"https:\/\/gruetli.com\/wp-content\/uploads\/2025\/08\/Urne_funeraire_Prairie05-768x509.jpg\" data-width=\"768\" data-height=\"509\" aria-label=\"Urne fun\u00e9raire biod\u00e9gradable, compostable, d\u00e9composable, durable, recyclable, naturel, produit-suisse, papier FSC, livraison gratuite\" role=\"img\" ><\/div>\n\t\t\t\t\t\t\t\t\t\t\t<div class=\"elementor-gallery-item__overlay\"><\/div>\n\t\t\t\t\t\t\t\t\t\t\t\t\t\t<\/a>\n\t\t\t\t\t\t\t<a class=\"e-gallery-item elementor-gallery-item elementor-animated-content\" href=\"https:\/\/gruetli.com\/wp-content\/uploads\/2025\/08\/Tierurne-biologisch-abbaubar-kompostierbar-verrottbar-nachhaltig-recycelbar-naturlich-Schweizer-Produkt-FSC-Papier-kostenlose-Lieferung.jpg\" data-elementor-open-lightbox=\"yes\" data-elementor-lightbox-slideshow=\"c11c2f3\" data-elementor-lightbox-title=\"Tierurne-biologisch-abbaubar-kompostierbar-verrottbar-nachhaltig-recycelbar-naturlich-Schweizer-Produkt-FSC-Papier-kostenlose-Lieferung\" data-e-action-hash=\"#elementor-action%3Aaction%3Dlightbox%26settings%3DeyJpZCI6MTc2MiwidXJsIjoiaHR0cHM6XC9cL2dydWV0bGkuY29tXC93cC1jb250ZW50XC91cGxvYWRzXC8yMDI1XC8wOFwvVGllcnVybmUtYmlvbG9naXNjaC1hYmJhdWJhci1rb21wb3N0aWVyYmFyLXZlcnJvdHRiYXItbmFjaGhhbHRpZy1yZWN5Y2VsYmFyLW5hdHVybGljaC1TY2h3ZWl6ZXItUHJvZHVrdC1GU0MtUGFwaWVyLWtvc3Rlbmxvc2UtTGllZmVydW5nLmpwZyIsInNsaWRlc2hvdyI6ImMxMWMyZjMifQ%3D%3D\">\n\t\t\t\t\t<div class=\"e-gallery-image elementor-gallery-item__image\" data-thumbnail=\"https:\/\/gruetli.com\/wp-content\/uploads\/2025\/08\/Tierurne-biologisch-abbaubar-kompostierbar-verrottbar-nachhaltig-recycelbar-naturlich-Schweizer-Produkt-FSC-Papier-kostenlose-Lieferung-768x509.jpg\" data-width=\"768\" data-height=\"509\" aria-label=\"Tierurne biologisch abbaubar kompostierbar verrottbar nachhaltig recycelbar naturlich Schweizer Produkt FSC Papier kostenlose Lieferung\" role=\"img\" ><\/div>\n\t\t\t\t\t\t\t\t\t\t\t<div class=\"elementor-gallery-item__overlay\"><\/div>\n\t\t\t\t\t\t\t\t\t\t\t\t\t\t<\/a>\n\t\t\t\t\t\t\t<a class=\"e-gallery-item elementor-gallery-item elementor-animated-content\" href=\"https:\/\/gruetli.com\/wp-content\/uploads\/2025\/08\/Bestattungsurne_Onyx01.jpg\" data-elementor-open-lightbox=\"yes\" data-elementor-lightbox-slideshow=\"c11c2f3\" data-elementor-lightbox-title=\"Bestattungsurne_Onyx01\" data-e-action-hash=\"#elementor-action%3Aaction%3Dlightbox%26settings%3DeyJpZCI6MTc1NCwidXJsIjoiaHR0cHM6XC9cL2dydWV0bGkuY29tXC93cC1jb250ZW50XC91cGxvYWRzXC8yMDI1XC8wOFwvQmVzdGF0dHVuZ3N1cm5lX09ueXgwMS5qcGciLCJzbGlkZXNob3ciOiJjMTFjMmYzIn0%3D\">\n\t\t\t\t\t<div class=\"e-gallery-image elementor-gallery-item__image\" data-thumbnail=\"https:\/\/gruetli.com\/wp-content\/uploads\/2025\/08\/Bestattungsurne_Onyx01-768x1159.jpg\" data-width=\"768\" data-height=\"1159\" aria-label=\"Graburne biologisch abbaubar kompostierbar verrottbar nachhaltig recycelbar naturlich Schweizer Produkt FSC Papier kostenlose Lieferung\" role=\"img\" ><\/div>\n\t\t\t\t\t\t\t\t\t\t\t<div class=\"elementor-gallery-item__overlay\"><\/div>\n\t\t\t\t\t\t\t\t\t\t\t\t\t\t<\/a>\n\t\t\t\t\t\t\t<a class=\"e-gallery-item elementor-gallery-item elementor-animated-content\" href=\"https:\/\/gruetli.com\/wp-content\/uploads\/2025\/08\/BESTAT-2.jpg\" data-elementor-open-lightbox=\"yes\" data-elementor-lightbox-slideshow=\"c11c2f3\" data-elementor-lightbox-title=\"BESTAT-2\" data-e-action-hash=\"#elementor-action%3Aaction%3Dlightbox%26settings%3DeyJpZCI6MTc0NiwidXJsIjoiaHR0cHM6XC9cL2dydWV0bGkuY29tXC93cC1jb250ZW50XC91cGxvYWRzXC8yMDI1XC8wOFwvQkVTVEFULTIuanBnIiwic2xpZGVzaG93IjoiYzExYzJmMyJ9\">\n\t\t\t\t\t<div class=\"e-gallery-image elementor-gallery-item__image\" data-thumbnail=\"https:\/\/gruetli.com\/wp-content\/uploads\/2025\/08\/BESTAT-2-768x1024.jpg\" data-width=\"768\" data-height=\"1024\" aria-label=\"Urne fun\u00e9raire biod\u00e9gradable, compostable, d\u00e9composable, durable, recyclable, naturel, produit-suisse, papier FSC, livraison gratuite\" role=\"img\" ><\/div>\n\t\t\t\t\t\t\t\t\t\t\t<div class=\"elementor-gallery-item__overlay\"><\/div>\n\t\t\t\t\t\t\t\t\t\t\t\t\t\t<\/a>\n\t\t\t\t\t\t\t<a class=\"e-gallery-item elementor-gallery-item elementor-animated-content\" href=\"https:\/\/gruetli.com\/wp-content\/uploads\/2025\/08\/Bestattungsurne_Mokka01.jpg\" data-elementor-open-lightbox=\"yes\" data-elementor-lightbox-slideshow=\"c11c2f3\" data-elementor-lightbox-title=\"Bestattungsurne_Mokka01\" data-e-action-hash=\"#elementor-action%3Aaction%3Dlightbox%26settings%3DeyJpZCI6MTc1MiwidXJsIjoiaHR0cHM6XC9cL2dydWV0bGkuY29tXC93cC1jb250ZW50XC91cGxvYWRzXC8yMDI1XC8wOFwvQmVzdGF0dHVuZ3N1cm5lX01va2thMDEuanBnIiwic2xpZGVzaG93IjoiYzExYzJmMyJ9\">\n\t\t\t\t\t<div class=\"e-gallery-image elementor-gallery-item__image\" data-thumbnail=\"https:\/\/gruetli.com\/wp-content\/uploads\/2025\/08\/Bestattungsurne_Mokka01-768x509.jpg\" data-width=\"768\" data-height=\"509\" aria-label=\"Graburne biologisch abbaubar kompostierbar verrottbar nachhaltig recycelbar naturlich Schweizer Produkt FSC Papier kostenlose Lieferung\" role=\"img\" ><\/div>\n\t\t\t\t\t\t\t\t\t\t\t<div class=\"elementor-gallery-item__overlay\"><\/div>\n\t\t\t\t\t\t\t\t\t\t\t\t\t\t<\/a>\n\t\t\t\t\t\t\t<a class=\"e-gallery-item elementor-gallery-item elementor-animated-content\" href=\"https:\/\/gruetli.com\/wp-content\/uploads\/2025\/08\/Urne_funeraire_Perle06.jpg\" data-elementor-open-lightbox=\"yes\" data-elementor-lightbox-slideshow=\"c11c2f3\" data-elementor-lightbox-title=\"Urne_funeraire_Perle06\" data-e-action-hash=\"#elementor-action%3Aaction%3Dlightbox%26settings%3DeyJpZCI6MTc3OCwidXJsIjoiaHR0cHM6XC9cL2dydWV0bGkuY29tXC93cC1jb250ZW50XC91cGxvYWRzXC8yMDI1XC8wOFwvVXJuZV9mdW5lcmFpcmVfUGVybGUwNi5qcGciLCJzbGlkZXNob3ciOiJjMTFjMmYzIn0%3D\">\n\t\t\t\t\t<div class=\"e-gallery-image elementor-gallery-item__image\" data-thumbnail=\"https:\/\/gruetli.com\/wp-content\/uploads\/2025\/08\/Urne_funeraire_Perle06-768x1159.jpg\" data-width=\"768\" data-height=\"1159\" aria-label=\"Urne fun\u00e9raire biod\u00e9gradable, compostable, d\u00e9composable, durable, recyclable, naturel, produit-suisse, papier FSC, livraison gratuite\" role=\"img\" ><\/div>\n\t\t\t\t\t\t\t\t\t\t\t<div class=\"elementor-gallery-item__overlay\"><\/div>\n\t\t\t\t\t\t\t\t\t\t\t\t\t\t<\/a>\n\t\t\t\t\t\t\t<a class=\"e-gallery-item elementor-gallery-item elementor-animated-content\" href=\"https:\/\/gruetli.com\/wp-content\/uploads\/2025\/08\/Urne_biodegradable_Prairie07.jpg\" data-elementor-open-lightbox=\"yes\" data-elementor-lightbox-slideshow=\"c11c2f3\" data-elementor-lightbox-title=\"Urne_biodegradable_Prairie07\" data-e-action-hash=\"#elementor-action%3Aaction%3Dlightbox%26settings%3DeyJpZCI6MTc3MCwidXJsIjoiaHR0cHM6XC9cL2dydWV0bGkuY29tXC93cC1jb250ZW50XC91cGxvYWRzXC8yMDI1XC8wOFwvVXJuZV9iaW9kZWdyYWRhYmxlX1ByYWlyaWUwNy5qcGciLCJzbGlkZXNob3ciOiJjMTFjMmYzIn0%3D\">\n\t\t\t\t\t<div class=\"e-gallery-image elementor-gallery-item__image\" data-thumbnail=\"https:\/\/gruetli.com\/wp-content\/uploads\/2025\/08\/Urne_biodegradable_Prairie07-768x509.jpg\" data-width=\"768\" data-height=\"509\" aria-label=\"Urne fun\u00e9raire biod\u00e9gradable, compostable, d\u00e9composable, durable, recyclable, naturel, produit-suisse, papier FSC, livraison gratuite\" role=\"img\" ><\/div>\n\t\t\t\t\t\t\t\t\t\t\t<div class=\"elementor-gallery-item__overlay\"><\/div>\n\t\t\t\t\t\t\t\t\t\t\t\t\t\t<\/a>\n\t\t\t\t\t\t\t<a class=\"e-gallery-item elementor-gallery-item elementor-animated-content\" href=\"https:\/\/gruetli.com\/wp-content\/uploads\/2025\/08\/Bestattungsurne_Herba03.jpg\" data-elementor-open-lightbox=\"yes\" data-elementor-lightbox-slideshow=\"c11c2f3\" data-elementor-lightbox-title=\"Bestattungsurne_Herba03\" data-e-action-hash=\"#elementor-action%3Aaction%3Dlightbox%26settings%3DeyJpZCI6MTc1MCwidXJsIjoiaHR0cHM6XC9cL2dydWV0bGkuY29tXC93cC1jb250ZW50XC91cGxvYWRzXC8yMDI1XC8wOFwvQmVzdGF0dHVuZ3N1cm5lX0hlcmJhMDMuanBnIiwic2xpZGVzaG93IjoiYzExYzJmMyJ9\">\n\t\t\t\t\t<div class=\"e-gallery-image elementor-gallery-item__image\" data-thumbnail=\"https:\/\/gruetli.com\/wp-content\/uploads\/2025\/08\/Bestattungsurne_Herba03-768x1159.jpg\" data-width=\"768\" data-height=\"1159\" aria-label=\"Graburne biologisch abbaubar kompostierbar verrottbar nachhaltig recycelbar naturlich Schweizer Produkt FSC Papier kostenlose Lieferung\" role=\"img\" ><\/div>\n\t\t\t\t\t\t\t\t\t\t\t<div class=\"elementor-gallery-item__overlay\"><\/div>\n\t\t\t\t\t\t\t\t\t\t\t\t\t\t<\/a>\n\t\t\t\t\t\t\t<a class=\"e-gallery-item elementor-gallery-item elementor-animated-content\" href=\"https:\/\/gruetli.com\/wp-content\/uploads\/2025\/08\/Urne-funeraire-biodegradable-compostable-decomposable-durable-recyclable-naturel-produit-suisse-papier-FSC-livraison-gratuite_03.jpg\" data-elementor-open-lightbox=\"yes\" data-elementor-lightbox-slideshow=\"c11c2f3\" data-elementor-lightbox-title=\"Urne-funeraire-biodegradable-compostable-decomposable-durable-recyclable-naturel-produit-suisse-papier-FSC-livraison-gratuite_03\" data-e-action-hash=\"#elementor-action%3Aaction%3Dlightbox%26settings%3DeyJpZCI6MTc4NiwidXJsIjoiaHR0cHM6XC9cL2dydWV0bGkuY29tXC93cC1jb250ZW50XC91cGxvYWRzXC8yMDI1XC8wOFwvVXJuZS1mdW5lcmFpcmUtYmlvZGVncmFkYWJsZS1jb21wb3N0YWJsZS1kZWNvbXBvc2FibGUtZHVyYWJsZS1yZWN5Y2xhYmxlLW5hdHVyZWwtcHJvZHVpdC1zdWlzc2UtcGFwaWVyLUZTQy1saXZyYWlzb24tZ3JhdHVpdGVfMDMuanBnIiwic2xpZGVzaG93IjoiYzExYzJmMyJ9\">\n\t\t\t\t\t<div class=\"e-gallery-image elementor-gallery-item__image\" data-thumbnail=\"https:\/\/gruetli.com\/wp-content\/uploads\/2025\/08\/Urne-funeraire-biodegradable-compostable-decomposable-durable-recyclable-naturel-produit-suisse-papier-FSC-livraison-gratuite_03-768x509.jpg\" data-width=\"768\" data-height=\"509\" aria-label=\"Urne fun\u00e9raire biod\u00e9gradable, compostable, d\u00e9composable, durable, recyclable, naturel, produit-suisse, papier FSC, livraison gratuite\" role=\"img\" ><\/div>\n\t\t\t\t\t\t\t\t\t\t\t<div class=\"elementor-gallery-item__overlay\"><\/div>\n\t\t\t\t\t\t\t\t\t\t\t\t\t\t<\/a>\n\t\t\t\t\t<\/div>\n\t\t\t\t\t<\/div>\n\t\t\t\t<\/div>\n\t\t\t\t\t<\/div>\n\t\t\t\t<\/div>\n\t\t\t\t<\/div>\n\t\t","protected":false},"excerpt":{"rendered":"<p>Fotogalerie<\/p>\n","protected":false},"author":1,"featured_media":0,"parent":0,"menu_order":0,"comment_status":"closed","ping_status":"closed","template":"","meta":{"_monsterinsights_skip_tracking":false,"_monsterinsights_sitenote_active":false,"_monsterinsights_sitenote_note":"","_monsterinsights_sitenote_category":0,"footnotes":""},"class_list":["post-1664","page","type-page","status-publish","hentry"],"yoast_head":"<!-- This site is optimized with the Yoast SEO plugin v25.7 - https:\/\/yoast.com\/wordpress\/plugins\/seo\/ -->\n<title>Entdecken Sie unsere biologisch abbaubaren Urnen &#8211; Gr\u00fctli Urnes<\/title>\n<meta name=\"robots\" content=\"index, follow, max-snippet:-1, max-image-preview:large, max-video-preview:-1\" \/>\n<link rel=\"canonical\" href=\"https:\/\/gruetli.com\/de\/fotogalerie\/\" \/>\n<meta property=\"og:locale\" content=\"de_DE\" \/>\n<meta property=\"og:type\" content=\"article\" \/>\n<meta property=\"og:title\" content=\"Entdecken Sie unsere biologisch abbaubaren Urnen &#8211; Gr\u00fctli Urnes\" \/>\n<meta property=\"og:description\" content=\"Fotogalerie\" \/>\n<meta property=\"og:url\" content=\"https:\/\/gruetli.com\/de\/fotogalerie\/\" \/>\n<meta property=\"og:site_name\" content=\"Gr\u00fctli Urnes\" \/>\n<meta property=\"article:modified_time\" content=\"2025-08-20T10:30:18+00:00\" \/>\n<meta property=\"og:image\" content=\"https:\/\/gruetli.com\/wp-content\/uploads\/2024\/05\/urnes.webp\" \/>\n\t<meta property=\"og:image:width\" content=\"1200\" \/>\n\t<meta property=\"og:image:height\" content=\"930\" \/>\n\t<meta property=\"og:image:type\" content=\"image\/webp\" \/>\n<meta name=\"twitter:card\" content=\"summary_large_image\" \/>\n<script type=\"application\/ld+json\" class=\"yoast-schema-graph\">{\"@context\":\"https:\/\/schema.org\",\"@graph\":[{\"@type\":\"WebPage\",\"@id\":\"https:\/\/gruetli.com\/de\/fotogalerie\/\",\"url\":\"https:\/\/gruetli.com\/de\/fotogalerie\/\",\"name\":\"Entdecken Sie unsere biologisch abbaubaren Urnen &#8211; Gr\u00fctli Urnes\",\"isPartOf\":{\"@id\":\"https:\/\/gruetli.com\/#website\"},\"datePublished\":\"2025-08-14T10:26:59+00:00\",\"dateModified\":\"2025-08-20T10:30:18+00:00\",\"breadcrumb\":{\"@id\":\"https:\/\/gruetli.com\/de\/fotogalerie\/#breadcrumb\"},\"inLanguage\":\"de\",\"potentialAction\":[{\"@type\":\"ReadAction\",\"target\":[\"https:\/\/gruetli.com\/de\/fotogalerie\/\"]}]},{\"@type\":\"BreadcrumbList\",\"@id\":\"https:\/\/gruetli.com\/de\/fotogalerie\/#breadcrumb\",\"itemListElement\":[{\"@type\":\"ListItem\",\"position\":1,\"name\":\"Accueil\",\"item\":\"https:\/\/gruetli.com\/de\/urnen\/\"},{\"@type\":\"ListItem\",\"position\":2,\"name\":\"Fotogalerie\"}]},{\"@type\":\"WebSite\",\"@id\":\"https:\/\/gruetli.com\/#website\",\"url\":\"https:\/\/gruetli.com\/\",\"name\":\"Gr\u00fctli Urnes\",\"description\":\"Urnes fun\u00e9raires \u00e9coresponsables en carton biod\u00e9gradable imprim\u00e9es avec des encres naturelles pour un hommage respectueux.\",\"publisher\":{\"@id\":\"https:\/\/gruetli.com\/#organization\"},\"alternateName\":\"Gr\u00fctli Urnes\",\"potentialAction\":[{\"@type\":\"SearchAction\",\"target\":{\"@type\":\"EntryPoint\",\"urlTemplate\":\"https:\/\/gruetli.com\/?s={search_term_string}\"},\"query-input\":{\"@type\":\"PropertyValueSpecification\",\"valueRequired\":true,\"valueName\":\"search_term_string\"}}],\"inLanguage\":\"de\"},{\"@type\":\"Organization\",\"@id\":\"https:\/\/gruetli.com\/#organization\",\"name\":\"Gr\u00fctli Urnes\",\"url\":\"https:\/\/gruetli.com\/\",\"logo\":{\"@type\":\"ImageObject\",\"inLanguage\":\"de\",\"@id\":\"https:\/\/gruetli.com\/#\/schema\/logo\/image\/\",\"url\":\"https:\/\/gruetli.com\/wp-content\/uploads\/2024\/06\/gruetli_logo_email.png\",\"contentUrl\":\"https:\/\/gruetli.com\/wp-content\/uploads\/2024\/06\/gruetli_logo_email.png\",\"width\":300,\"height\":106,\"caption\":\"Gr\u00fctli Urnes\"},\"image\":{\"@id\":\"https:\/\/gruetli.com\/#\/schema\/logo\/image\/\"}}]}<\/script>\n<!-- \/ Yoast SEO plugin. -->","yoast_head_json":{"title":"Entdecken Sie unsere biologisch abbaubaren Urnen &#8211; Gr\u00fctli Urnes","robots":{"index":"index","follow":"follow","max-snippet":"max-snippet:-1","max-image-preview":"max-image-preview:large","max-video-preview":"max-video-preview:-1"},"canonical":"https:\/\/gruetli.com\/de\/fotogalerie\/","og_locale":"de_DE","og_type":"article","og_title":"Entdecken Sie unsere biologisch abbaubaren Urnen &#8211; Gr\u00fctli Urnes","og_description":"Fotogalerie","og_url":"https:\/\/gruetli.com\/de\/fotogalerie\/","og_site_name":"Gr\u00fctli Urnes","article_modified_time":"2025-08-20T10:30:18+00:00","og_image":[{"width":1200,"height":930,"url":"https:\/\/gruetli.com\/wp-content\/uploads\/2024\/05\/urnes.webp","type":"image\/webp"}],"twitter_card":"summary_large_image","schema":{"@context":"https:\/\/schema.org","@graph":[{"@type":"WebPage","@id":"https:\/\/gruetli.com\/de\/fotogalerie\/","url":"https:\/\/gruetli.com\/de\/fotogalerie\/","name":"Entdecken Sie unsere biologisch abbaubaren Urnen &#8211; Gr\u00fctli Urnes","isPartOf":{"@id":"https:\/\/gruetli.com\/#website"},"datePublished":"2025-08-14T10:26:59+00:00","dateModified":"2025-08-20T10:30:18+00:00","breadcrumb":{"@id":"https:\/\/gruetli.com\/de\/fotogalerie\/#breadcrumb"},"inLanguage":"de","potentialAction":[{"@type":"ReadAction","target":["https:\/\/gruetli.com\/de\/fotogalerie\/"]}]},{"@type":"BreadcrumbList","@id":"https:\/\/gruetli.com\/de\/fotogalerie\/#breadcrumb","itemListElement":[{"@type":"ListItem","position":1,"name":"Accueil","item":"https:\/\/gruetli.com\/de\/urnen\/"},{"@type":"ListItem","position":2,"name":"Fotogalerie"}]},{"@type":"WebSite","@id":"https:\/\/gruetli.com\/#website","url":"https:\/\/gruetli.com\/","name":"Gr\u00fctli Urnes","description":"Urnes fun\u00e9raires \u00e9coresponsables en carton biod\u00e9gradable imprim\u00e9es avec des encres naturelles pour un hommage respectueux.","publisher":{"@id":"https:\/\/gruetli.com\/#organization"},"alternateName":"Gr\u00fctli Urnes","potentialAction":[{"@type":"SearchAction","target":{"@type":"EntryPoint","urlTemplate":"https:\/\/gruetli.com\/?s={search_term_string}"},"query-input":{"@type":"PropertyValueSpecification","valueRequired":true,"valueName":"search_term_string"}}],"inLanguage":"de"},{"@type":"Organization","@id":"https:\/\/gruetli.com\/#organization","name":"Gr\u00fctli Urnes","url":"https:\/\/gruetli.com\/","logo":{"@type":"ImageObject","inLanguage":"de","@id":"https:\/\/gruetli.com\/#\/schema\/logo\/image\/","url":"https:\/\/gruetli.com\/wp-content\/uploads\/2024\/06\/gruetli_logo_email.png","contentUrl":"https:\/\/gruetli.com\/wp-content\/uploads\/2024\/06\/gruetli_logo_email.png","width":300,"height":106,"caption":"Gr\u00fctli Urnes"},"image":{"@id":"https:\/\/gruetli.com\/#\/schema\/logo\/image\/"}}]}},"_links":{"self":[{"href":"https:\/\/gruetli.com\/de\/wp-json\/wp\/v2\/pages\/1664","targetHints":{"allow":["GET"]}}],"collection":[{"href":"https:\/\/gruetli.com\/de\/wp-json\/wp\/v2\/pages"}],"about":[{"href":"https:\/\/gruetli.com\/de\/wp-json\/wp\/v2\/types\/page"}],"author":[{"embeddable":true,"href":"https:\/\/gruetli.com\/de\/wp-json\/wp\/v2\/users\/1"}],"replies":[{"embeddable":true,"href":"https:\/\/gruetli.com\/de\/wp-json\/wp\/v2\/comments?post=1664"}],"version-history":[{"count":7,"href":"https:\/\/gruetli.com\/de\/wp-json\/wp\/v2\/pages\/1664\/revisions"}],"predecessor-version":[{"id":1806,"href":"https:\/\/gruetli.com\/de\/wp-json\/wp\/v2\/pages\/1664\/revisions\/1806"}],"wp:attachment":[{"href":"https:\/\/gruetli.com\/de\/wp-json\/wp\/v2\/media?parent=1664"}],"curies":[{"name":"wp","href":"https:\/\/api.w.org\/{rel}","templated":true}]}}