{"id":288,"date":"2024-04-26T08:22:53","date_gmt":"2024-04-26T06:22:53","guid":{"rendered":"https:\/\/gruetli.com\/gruetli-urnen\/"},"modified":"2024-12-17T15:34:13","modified_gmt":"2024-12-17T14:34:13","slug":"umweltfreundliche-urnen-faq","status":"publish","type":"page","link":"https:\/\/gruetli.com\/de\/umweltfreundliche-urnen-faq\/","title":{"rendered":"Umweltfreundliche Urnen &#8211; FAQ"},"content":{"rendered":"\t\t<div data-elementor-type=\"wp-page\" data-elementor-id=\"288\" class=\"elementor elementor-288 elementor-26\" data-elementor-post-type=\"page\">\n\t\t\t\t<div class=\"has_ae_slider elementor-element elementor-element-a0a1c5a elementor-hidden-tablet_extra elementor-hidden-tablet elementor-hidden-mobile_extra elementor-hidden-mobile e-flex e-con-boxed ae-bg-gallery-type-default e-con e-parent\" data-id=\"a0a1c5a\" data-element_type=\"container\" data-settings=\"{&quot;background_background&quot;:&quot;classic&quot;}\">\n\t\t\t\t\t<div class=\"e-con-inner\">\n\t\t\t\t\t<\/div>\n\t\t\t\t<\/div>\n\t\t<div class=\"has_ae_slider elementor-element elementor-element-9055810 e-flex e-con-boxed ae-bg-gallery-type-default e-con e-parent\" data-id=\"9055810\" data-element_type=\"container\">\n\t\t\t\t\t<div class=\"e-con-inner\">\n\t\t<div class=\"has_ae_slider elementor-element elementor-element-c2ffdb6 e-flex e-con-boxed ae-bg-gallery-type-default e-con e-child\" data-id=\"c2ffdb6\" data-element_type=\"container\">\n\t\t\t\t\t<div class=\"e-con-inner\">\n\t\t\t\t<div class=\"elementor-element elementor-element-75ea7cb souligne elementor-widget elementor-widget-heading\" data-id=\"75ea7cb\" data-element_type=\"widget\" data-widget_type=\"heading.default\">\n\t\t\t\t<div class=\"elementor-widget-container\">\n\t\t\t\t\t<h1 class=\"elementor-heading-title elementor-size-default\">FAQ<\/h1>\t\t\t\t<\/div>\n\t\t\t\t<\/div>\n\t\t\t\t<div class=\"elementor-element elementor-element-99ce98e elementor-widget elementor-widget-text-editor\" data-id=\"99ce98e\" data-element_type=\"widget\" data-widget_type=\"text-editor.default\">\n\t\t\t\t<div class=\"elementor-widget-container\">\n\t\t\t\t\t\t\t\t\t<p>In einer Zeit, in der die Ein\u00e4scherung und die pers\u00f6nliche Abschiedszeremonie immer mehr an Bedeutung gewinnen, bieten unsere Urnen eine L\u00f6sung, die sowohl den emotionalen als auch den praktischen Bed\u00fcrfnissen der Trauergemeinde gerecht wird. Es handelt sich um eine Konzeption, die das Andenken an den Verstorbenen ehrt und es den Hinterbliebenen gleichzeitig erm\u00f6glicht, die Beisetzung auf ihre Weise oder nach dem Wunsch des Abgeschiedenen zu gestalten. Diese Idee stellt somit eine neue \u00c4ra in der Bestattungskultur dar, in der Tradition und Moderne, \u00c4sthetik und \u00d6kologie sowie Individualit\u00e4t und Gemeinschaft harmonisch miteinander verbunden werden.<\/p>\n<p>Die M\u00f6glichkeit, die Urne zu vergraben und sie innerhalb von ungef\u00e4hr sechs Monaten nat\u00fcrlich verrotten zu lassen, bietet eine umweltfreundliche Alternative zu herk\u00f6mmlichen Begr\u00e4bnismethoden. Die Tatsache, dass unsere Bestattungsurnen keine sch\u00e4dlichen Substanzen hinterlassen, spiegelt das wachsende Bewusstsein f\u00fcr die \u00f6kologische Verantwortung im Zusammenhang mit Abdankungszeremonien wider.<\/p>\n<p>Die Graburne kann sowohl als Beh\u00e4lter f\u00fcr das Verstreuen der Asche als auch bei trockener Lagerung als dauerhafter Aufbewahrungsbeh\u00e4lter verwendet werden. Das schlichte und elegante Design erm\u00f6glicht es, dass sie in jede Stube passt und somit Teil des allt\u00e4glichen Lebensraums wird. Das bietet den Angeh\u00f6rigen eine immerw\u00e4hrende Erinnerung, die \u00fcber die Zeit hinaus Bestand hat.<\/p>\n<p>Das leere Gef\u00e4ss kann als Altpapier entsorgt werden.<\/p>\n\t\t\t\t\t\t\t\t<\/div>\n\t\t\t\t<\/div>\n\t\t\t\t\t<\/div>\n\t\t\t\t<\/div>\n\t\t\t\t\t<\/div>\n\t\t\t\t<\/div>\n\t\t<div class=\"has_ae_slider elementor-element elementor-element-c122765 e-con-full e-flex ae-bg-gallery-type-default e-con e-parent\" data-id=\"c122765\" data-element_type=\"container\" data-settings=\"{&quot;background_background&quot;:&quot;classic&quot;}\">\n\t\t\t\t<div class=\"elementor-element elementor-element-6de9815 elementor-widget elementor-widget-shortcode\" data-id=\"6de9815\" data-element_type=\"widget\" data-widget_type=\"shortcode.default\">\n\t\t\t\t<div class=\"elementor-widget-container\">\n\t\t\t\t\t\t\t<div class=\"elementor-shortcode\">\t\t<div data-elementor-type=\"container\" data-elementor-id=\"825\" class=\"elementor elementor-825 elementor-718\" data-elementor-post-type=\"elementor_library\">\n\t\t\t\t<div class=\"has_ae_slider elementor-element elementor-element-5ba5bd04 e-flex e-con-boxed ae-bg-gallery-type-default e-con e-parent\" data-id=\"5ba5bd04\" data-element_type=\"container\">\n\t\t\t\t\t<div class=\"e-con-inner\">\n\t\t<div class=\"has_ae_slider elementor-element elementor-element-765ad9ff e-con-full e-flex ae-bg-gallery-type-default e-con e-child\" data-id=\"765ad9ff\" data-element_type=\"container\">\n\t\t\t\t<div class=\"elementor-element elementor-element-1c19a04d elementor-widget__width-inherit elementor-widget elementor-widget-toggle\" data-id=\"1c19a04d\" data-element_type=\"widget\" data-widget_type=\"toggle.default\">\n\t\t\t\t<div class=\"elementor-widget-container\">\n\t\t\t\t\t\t\t<div class=\"elementor-toggle\">\n\t\t\t\t\t\t\t<div class=\"elementor-toggle-item\">\n\t\t\t\t\t<h5 id=\"elementor-tab-title-4711\" class=\"elementor-tab-title\" data-tab=\"1\" role=\"button\" aria-controls=\"elementor-tab-content-4711\" aria-expanded=\"false\">\n\t\t\t\t\t\t\t\t\t\t\t\t<span class=\"elementor-toggle-icon elementor-toggle-icon-right\" aria-hidden=\"true\">\n\t\t\t\t\t\t\t\t\t\t\t\t\t\t\t<span class=\"elementor-toggle-icon-closed\"><svg xmlns=\"http:\/\/www.w3.org\/2000\/svg\" id=\"b159ff04-3740-4ac3-96cc-b414ded50b3a\" data-name=\"Layer 1\" width=\"16\" height=\"16\" viewBox=\"0 0 16 16\"><polygon points=\"8.39 7.64 8.39 0 7.61 0 7.61 7.64 0 7.64 0 8.4 7.61 8.4 7.61 16 8.39 16 8.39 8.4 16 8.4 16 7.64 8.39 7.64\"><\/polygon><\/svg><\/span>\n\t\t\t\t\t\t\t\t<span class=\"elementor-toggle-icon-opened\"><svg xmlns=\"http:\/\/www.w3.org\/2000\/svg\" id=\"adf49d60-5815-4ece-8d49-00a021de5c06\" data-name=\"Layer 1\" width=\"16\" height=\"16\" viewBox=\"0 0 16 16\"><rect width=\"16\" height=\"16\" style=\"opacity:0\"><\/rect><rect y=\"7.64\" width=\"16\" height=\"0.76\"><\/rect><\/svg><\/span>\n\t\t\t\t\t\t\t\t\t\t\t\t\t<\/span>\n\t\t\t\t\t\t\t\t\t\t\t\t<a class=\"elementor-toggle-title\" tabindex=\"0\">Sind die Urnen verschlusssicher?<\/a>\n\t\t\t\t\t<\/h5>\n\n\t\t\t\t\t<div id=\"elementor-tab-content-4711\" class=\"elementor-tab-content elementor-clearfix\" data-tab=\"1\" role=\"region\" aria-labelledby=\"elementor-tab-title-4711\"><p>Wir legen jeder Urne eine biologisch abbaubare Vignette bei, mit der die Urne versiegelt werden kann.<\/p>\n<\/div>\n\t\t\t\t<\/div>\n\t\t\t\t\t\t\t<div class=\"elementor-toggle-item\">\n\t\t\t\t\t<h5 id=\"elementor-tab-title-4712\" class=\"elementor-tab-title\" data-tab=\"2\" role=\"button\" aria-controls=\"elementor-tab-content-4712\" aria-expanded=\"false\">\n\t\t\t\t\t\t\t\t\t\t\t\t<span class=\"elementor-toggle-icon elementor-toggle-icon-right\" aria-hidden=\"true\">\n\t\t\t\t\t\t\t\t\t\t\t\t\t\t\t<span class=\"elementor-toggle-icon-closed\"><svg xmlns=\"http:\/\/www.w3.org\/2000\/svg\" id=\"b159ff04-3740-4ac3-96cc-b414ded50b3a\" data-name=\"Layer 1\" width=\"16\" height=\"16\" viewBox=\"0 0 16 16\"><polygon points=\"8.39 7.64 8.39 0 7.61 0 7.61 7.64 0 7.64 0 8.4 7.61 8.4 7.61 16 8.39 16 8.39 8.4 16 8.4 16 7.64 8.39 7.64\"><\/polygon><\/svg><\/span>\n\t\t\t\t\t\t\t\t<span class=\"elementor-toggle-icon-opened\"><svg xmlns=\"http:\/\/www.w3.org\/2000\/svg\" id=\"adf49d60-5815-4ece-8d49-00a021de5c06\" data-name=\"Layer 1\" width=\"16\" height=\"16\" viewBox=\"0 0 16 16\"><rect width=\"16\" height=\"16\" style=\"opacity:0\"><\/rect><rect y=\"7.64\" width=\"16\" height=\"0.76\"><\/rect><\/svg><\/span>\n\t\t\t\t\t\t\t\t\t\t\t\t\t<\/span>\n\t\t\t\t\t\t\t\t\t\t\t\t<a class=\"elementor-toggle-title\" tabindex=\"0\">Darf ich die Urne irgendwo vergraben oder im See versenken?<\/a>\n\t\t\t\t\t<\/h5>\n\n\t\t\t\t\t<div id=\"elementor-tab-content-4712\" class=\"elementor-tab-content elementor-clearfix\" data-tab=\"2\" role=\"region\" aria-labelledby=\"elementor-tab-title-4712\"><p>Das Material der Urne l\u00e4sst dies problemlos zu, jedoch m\u00fcssen Sie sich an die Vorschriften der Beh\u00f6rden halten.<\/p>\n<\/div>\n\t\t\t\t<\/div>\n\t\t\t\t\t\t\t<div class=\"elementor-toggle-item\">\n\t\t\t\t\t<h5 id=\"elementor-tab-title-4713\" class=\"elementor-tab-title\" data-tab=\"3\" role=\"button\" aria-controls=\"elementor-tab-content-4713\" aria-expanded=\"false\">\n\t\t\t\t\t\t\t\t\t\t\t\t<span class=\"elementor-toggle-icon elementor-toggle-icon-right\" aria-hidden=\"true\">\n\t\t\t\t\t\t\t\t\t\t\t\t\t\t\t<span class=\"elementor-toggle-icon-closed\"><svg xmlns=\"http:\/\/www.w3.org\/2000\/svg\" id=\"b159ff04-3740-4ac3-96cc-b414ded50b3a\" data-name=\"Layer 1\" width=\"16\" height=\"16\" viewBox=\"0 0 16 16\"><polygon points=\"8.39 7.64 8.39 0 7.61 0 7.61 7.64 0 7.64 0 8.4 7.61 8.4 7.61 16 8.39 16 8.39 8.4 16 8.4 16 7.64 8.39 7.64\"><\/polygon><\/svg><\/span>\n\t\t\t\t\t\t\t\t<span class=\"elementor-toggle-icon-opened\"><svg xmlns=\"http:\/\/www.w3.org\/2000\/svg\" id=\"adf49d60-5815-4ece-8d49-00a021de5c06\" data-name=\"Layer 1\" width=\"16\" height=\"16\" viewBox=\"0 0 16 16\"><rect width=\"16\" height=\"16\" style=\"opacity:0\"><\/rect><rect y=\"7.64\" width=\"16\" height=\"0.76\"><\/rect><\/svg><\/span>\n\t\t\t\t\t\t\t\t\t\t\t\t\t<\/span>\n\t\t\t\t\t\t\t\t\t\t\t\t<a class=\"elementor-toggle-title\" tabindex=\"0\">Kann man die Urne f\u00fcr eine Baumbestattung verwenden?<\/a>\n\t\t\t\t\t<\/h5>\n\n\t\t\t\t\t<div id=\"elementor-tab-content-4713\" class=\"elementor-tab-content elementor-clearfix\" data-tab=\"3\" role=\"region\" aria-labelledby=\"elementor-tab-title-4713\"><p>Insofern es zugelassen ist, erm\u00f6glichen unsere Graburnen eine solche Beisetzungsmethode.<\/p>\n<\/div>\n\t\t\t\t<\/div>\n\t\t\t\t\t\t\t<div class=\"elementor-toggle-item\">\n\t\t\t\t\t<h5 id=\"elementor-tab-title-4714\" class=\"elementor-tab-title\" data-tab=\"4\" role=\"button\" aria-controls=\"elementor-tab-content-4714\" aria-expanded=\"false\">\n\t\t\t\t\t\t\t\t\t\t\t\t<span class=\"elementor-toggle-icon elementor-toggle-icon-right\" aria-hidden=\"true\">\n\t\t\t\t\t\t\t\t\t\t\t\t\t\t\t<span class=\"elementor-toggle-icon-closed\"><svg xmlns=\"http:\/\/www.w3.org\/2000\/svg\" id=\"b159ff04-3740-4ac3-96cc-b414ded50b3a\" data-name=\"Layer 1\" width=\"16\" height=\"16\" viewBox=\"0 0 16 16\"><polygon points=\"8.39 7.64 8.39 0 7.61 0 7.61 7.64 0 7.64 0 8.4 7.61 8.4 7.61 16 8.39 16 8.39 8.4 16 8.4 16 7.64 8.39 7.64\"><\/polygon><\/svg><\/span>\n\t\t\t\t\t\t\t\t<span class=\"elementor-toggle-icon-opened\"><svg xmlns=\"http:\/\/www.w3.org\/2000\/svg\" id=\"adf49d60-5815-4ece-8d49-00a021de5c06\" data-name=\"Layer 1\" width=\"16\" height=\"16\" viewBox=\"0 0 16 16\"><rect width=\"16\" height=\"16\" style=\"opacity:0\"><\/rect><rect y=\"7.64\" width=\"16\" height=\"0.76\"><\/rect><\/svg><\/span>\n\t\t\t\t\t\t\t\t\t\t\t\t\t<\/span>\n\t\t\t\t\t\t\t\t\t\t\t\t<a class=\"elementor-toggle-title\" tabindex=\"0\">Was kann man f\u00fcr seine eigene Zeremonie vorbereiten?<\/a>\n\t\t\t\t\t<\/h5>\n\n\t\t\t\t\t<div id=\"elementor-tab-content-4714\" class=\"elementor-tab-content elementor-clearfix\" data-tab=\"4\" role=\"region\" aria-labelledby=\"elementor-tab-title-4714\"><p>Mit einer gezielten, fr\u00fchzeitigen Todesfallvorsorge entscheiden Sie pers\u00f6nlich \u00fcber alles und entlasten so Ihre Angeh\u00f6rigen in einer ohnehin schon schwierigen Zeit.<\/p>\n<\/div>\n\t\t\t\t<\/div>\n\t\t\t\t\t\t\t<div class=\"elementor-toggle-item\">\n\t\t\t\t\t<h5 id=\"elementor-tab-title-4715\" class=\"elementor-tab-title\" data-tab=\"5\" role=\"button\" aria-controls=\"elementor-tab-content-4715\" aria-expanded=\"false\">\n\t\t\t\t\t\t\t\t\t\t\t\t<span class=\"elementor-toggle-icon elementor-toggle-icon-right\" aria-hidden=\"true\">\n\t\t\t\t\t\t\t\t\t\t\t\t\t\t\t<span class=\"elementor-toggle-icon-closed\"><svg xmlns=\"http:\/\/www.w3.org\/2000\/svg\" id=\"b159ff04-3740-4ac3-96cc-b414ded50b3a\" data-name=\"Layer 1\" width=\"16\" height=\"16\" viewBox=\"0 0 16 16\"><polygon points=\"8.39 7.64 8.39 0 7.61 0 7.61 7.64 0 7.64 0 8.4 7.61 8.4 7.61 16 8.39 16 8.39 8.4 16 8.4 16 7.64 8.39 7.64\"><\/polygon><\/svg><\/span>\n\t\t\t\t\t\t\t\t<span class=\"elementor-toggle-icon-opened\"><svg xmlns=\"http:\/\/www.w3.org\/2000\/svg\" id=\"adf49d60-5815-4ece-8d49-00a021de5c06\" data-name=\"Layer 1\" width=\"16\" height=\"16\" viewBox=\"0 0 16 16\"><rect width=\"16\" height=\"16\" style=\"opacity:0\"><\/rect><rect y=\"7.64\" width=\"16\" height=\"0.76\"><\/rect><\/svg><\/span>\n\t\t\t\t\t\t\t\t\t\t\t\t\t<\/span>\n\t\t\t\t\t\t\t\t\t\t\t\t<a class=\"elementor-toggle-title\" tabindex=\"0\">Wo darf die Asche von Verstorbenen beigesetzt oder aufbewahrt werden?<\/a>\n\t\t\t\t\t<\/h5>\n\n\t\t\t\t\t<div id=\"elementor-tab-content-4715\" class=\"elementor-tab-content elementor-clearfix\" data-tab=\"5\" role=\"region\" aria-labelledby=\"elementor-tab-title-4715\"><p>In der Schweiz gilt die Kremation als offizielle Bestattung. Das heisst, die Asche darf ohne beh\u00f6rdliche Bewilligung von den Angeh\u00f6rigen zu Hause aufbewahrt, im eigenen Garten beigesetzt oder in der Natur ausgestreut werden. Beachten Sie aber allf\u00e4llige kantonale Vorschriften. So ist meist ein Ausstreuen in fliessende oder stehende Gew\u00e4sser untersagt und bei der Erdbeisetzungen ist eine verrottende Urne zwingend.   <\/p>\n<p>In anderen L\u00e4ndern gelten andere Regeln. Vielfach ist die Urnenbeisetzung nur auf einem Friedhof gestattet. <\/p>\n<\/div>\n\t\t\t\t<\/div>\n\t\t\t\t\t\t\t<div class=\"elementor-toggle-item\">\n\t\t\t\t\t<h5 id=\"elementor-tab-title-4716\" class=\"elementor-tab-title\" data-tab=\"6\" role=\"button\" aria-controls=\"elementor-tab-content-4716\" aria-expanded=\"false\">\n\t\t\t\t\t\t\t\t\t\t\t\t<span class=\"elementor-toggle-icon elementor-toggle-icon-right\" aria-hidden=\"true\">\n\t\t\t\t\t\t\t\t\t\t\t\t\t\t\t<span class=\"elementor-toggle-icon-closed\"><svg xmlns=\"http:\/\/www.w3.org\/2000\/svg\" id=\"b159ff04-3740-4ac3-96cc-b414ded50b3a\" data-name=\"Layer 1\" width=\"16\" height=\"16\" viewBox=\"0 0 16 16\"><polygon points=\"8.39 7.64 8.39 0 7.61 0 7.61 7.64 0 7.64 0 8.4 7.61 8.4 7.61 16 8.39 16 8.39 8.4 16 8.4 16 7.64 8.39 7.64\"><\/polygon><\/svg><\/span>\n\t\t\t\t\t\t\t\t<span class=\"elementor-toggle-icon-opened\"><svg xmlns=\"http:\/\/www.w3.org\/2000\/svg\" id=\"adf49d60-5815-4ece-8d49-00a021de5c06\" data-name=\"Layer 1\" width=\"16\" height=\"16\" viewBox=\"0 0 16 16\"><rect width=\"16\" height=\"16\" style=\"opacity:0\"><\/rect><rect y=\"7.64\" width=\"16\" height=\"0.76\"><\/rect><\/svg><\/span>\n\t\t\t\t\t\t\t\t\t\t\t\t\t<\/span>\n\t\t\t\t\t\t\t\t\t\t\t\t<a class=\"elementor-toggle-title\" tabindex=\"0\">Ist die Kremation f\u00fcr eine Naturbestattung zwingend?<\/a>\n\t\t\t\t\t<\/h5>\n\n\t\t\t\t\t<div id=\"elementor-tab-content-4716\" class=\"elementor-tab-content elementor-clearfix\" data-tab=\"6\" role=\"region\" aria-labelledby=\"elementor-tab-title-4716\"><p>Die Naturbestattung darf nur durchgef\u00fchrt werden, wenn der\/die Verstorbene zuvor kremiert worden ist.<\/p>\n<\/div>\n\t\t\t\t<\/div>\n\t\t\t\t\t\t\t<div class=\"elementor-toggle-item\">\n\t\t\t\t\t<h5 id=\"elementor-tab-title-4717\" class=\"elementor-tab-title\" data-tab=\"7\" role=\"button\" aria-controls=\"elementor-tab-content-4717\" aria-expanded=\"false\">\n\t\t\t\t\t\t\t\t\t\t\t\t<span class=\"elementor-toggle-icon elementor-toggle-icon-right\" aria-hidden=\"true\">\n\t\t\t\t\t\t\t\t\t\t\t\t\t\t\t<span class=\"elementor-toggle-icon-closed\"><svg xmlns=\"http:\/\/www.w3.org\/2000\/svg\" id=\"b159ff04-3740-4ac3-96cc-b414ded50b3a\" data-name=\"Layer 1\" width=\"16\" height=\"16\" viewBox=\"0 0 16 16\"><polygon points=\"8.39 7.64 8.39 0 7.61 0 7.61 7.64 0 7.64 0 8.4 7.61 8.4 7.61 16 8.39 16 8.39 8.4 16 8.4 16 7.64 8.39 7.64\"><\/polygon><\/svg><\/span>\n\t\t\t\t\t\t\t\t<span class=\"elementor-toggle-icon-opened\"><svg xmlns=\"http:\/\/www.w3.org\/2000\/svg\" id=\"adf49d60-5815-4ece-8d49-00a021de5c06\" data-name=\"Layer 1\" width=\"16\" height=\"16\" viewBox=\"0 0 16 16\"><rect width=\"16\" height=\"16\" style=\"opacity:0\"><\/rect><rect y=\"7.64\" width=\"16\" height=\"0.76\"><\/rect><\/svg><\/span>\n\t\t\t\t\t\t\t\t\t\t\t\t\t<\/span>\n\t\t\t\t\t\t\t\t\t\t\t\t<a class=\"elementor-toggle-title\" tabindex=\"0\">Was geschieht mit Schmuck und medizinischen Implantaten?<\/a>\n\t\t\t\t\t<\/h5>\n\n\t\t\t\t\t<div id=\"elementor-tab-content-4717\" class=\"elementor-tab-content elementor-clearfix\" data-tab=\"7\" role=\"region\" aria-labelledby=\"elementor-tab-title-4717\"><p>Schmuckst\u00fccke und medizinische Implantate, ausser Herzschrittmacher, st\u00f6ren den Kremationsvorgang nicht. Sie werden aus der Asche entnommen und entsprechend entsorgt. <\/p>\n<p>Batteriebetriebenen Implantate m\u00fcssen vor Einlieferung ins Krematorium entfernt werden.<\/p>\n<\/div>\n\t\t\t\t<\/div>\n\t\t\t\t\t\t\t<div class=\"elementor-toggle-item\">\n\t\t\t\t\t<h5 id=\"elementor-tab-title-4718\" class=\"elementor-tab-title\" data-tab=\"8\" role=\"button\" aria-controls=\"elementor-tab-content-4718\" aria-expanded=\"false\">\n\t\t\t\t\t\t\t\t\t\t\t\t<span class=\"elementor-toggle-icon elementor-toggle-icon-right\" aria-hidden=\"true\">\n\t\t\t\t\t\t\t\t\t\t\t\t\t\t\t<span class=\"elementor-toggle-icon-closed\"><svg xmlns=\"http:\/\/www.w3.org\/2000\/svg\" id=\"b159ff04-3740-4ac3-96cc-b414ded50b3a\" data-name=\"Layer 1\" width=\"16\" height=\"16\" viewBox=\"0 0 16 16\"><polygon points=\"8.39 7.64 8.39 0 7.61 0 7.61 7.64 0 7.64 0 8.4 7.61 8.4 7.61 16 8.39 16 8.39 8.4 16 8.4 16 7.64 8.39 7.64\"><\/polygon><\/svg><\/span>\n\t\t\t\t\t\t\t\t<span class=\"elementor-toggle-icon-opened\"><svg xmlns=\"http:\/\/www.w3.org\/2000\/svg\" id=\"adf49d60-5815-4ece-8d49-00a021de5c06\" data-name=\"Layer 1\" width=\"16\" height=\"16\" viewBox=\"0 0 16 16\"><rect width=\"16\" height=\"16\" style=\"opacity:0\"><\/rect><rect y=\"7.64\" width=\"16\" height=\"0.76\"><\/rect><\/svg><\/span>\n\t\t\t\t\t\t\t\t\t\t\t\t\t<\/span>\n\t\t\t\t\t\t\t\t\t\t\t\t<a class=\"elementor-toggle-title\" tabindex=\"0\">Darf ich pers\u00f6nliche Objekte, Schmuckst\u00fccke oder Botschaften der Urne beilegen?<\/a>\n\t\t\t\t\t<\/h5>\n\n\t\t\t\t\t<div id=\"elementor-tab-content-4718\" class=\"elementor-tab-content elementor-clearfix\" data-tab=\"8\" role=\"region\" aria-labelledby=\"elementor-tab-title-4718\"><p>Angeh\u00f6rige k\u00f6nnen nach der Kremation und Erhalt der Urne in eigener Verantwortung pers\u00f6nliche Nachrichten, Objekte oder Schmuckst\u00fccke beilegen.<\/p>\n<\/div>\n\t\t\t\t<\/div>\n\t\t\t\t\t\t\t\t<\/div>\n\t\t\t\t\t\t<\/div>\n\t\t\t\t<\/div>\n\t\t\t\t<div class=\"elementor-element elementor-element-60580b77 elementor-widget__width-inherit elementor-widget elementor-widget-toggle\" data-id=\"60580b77\" data-element_type=\"widget\" data-widget_type=\"toggle.default\">\n\t\t\t\t<div class=\"elementor-widget-container\">\n\t\t\t\t\t\t\t<div class=\"elementor-toggle\">\n\t\t\t\t\t\t\t<div class=\"elementor-toggle-item\">\n\t\t\t\t\t<h5 id=\"elementor-tab-title-1611\" class=\"elementor-tab-title\" data-tab=\"1\" role=\"button\" aria-controls=\"elementor-tab-content-1611\" aria-expanded=\"false\">\n\t\t\t\t\t\t\t\t\t\t\t\t<span class=\"elementor-toggle-icon elementor-toggle-icon-right\" aria-hidden=\"true\">\n\t\t\t\t\t\t\t\t\t\t\t\t\t\t\t<span class=\"elementor-toggle-icon-closed\"><svg xmlns=\"http:\/\/www.w3.org\/2000\/svg\" id=\"b159ff04-3740-4ac3-96cc-b414ded50b3a\" data-name=\"Layer 1\" width=\"16\" height=\"16\" viewBox=\"0 0 16 16\"><polygon points=\"8.39 7.64 8.39 0 7.61 0 7.61 7.64 0 7.64 0 8.4 7.61 8.4 7.61 16 8.39 16 8.39 8.4 16 8.4 16 7.64 8.39 7.64\"><\/polygon><\/svg><\/span>\n\t\t\t\t\t\t\t\t<span class=\"elementor-toggle-icon-opened\"><svg xmlns=\"http:\/\/www.w3.org\/2000\/svg\" id=\"adf49d60-5815-4ece-8d49-00a021de5c06\" data-name=\"Layer 1\" width=\"16\" height=\"16\" viewBox=\"0 0 16 16\"><rect width=\"16\" height=\"16\" style=\"opacity:0\"><\/rect><rect y=\"7.64\" width=\"16\" height=\"0.76\"><\/rect><\/svg><\/span>\n\t\t\t\t\t\t\t\t\t\t\t\t\t<\/span>\n\t\t\t\t\t\t\t\t\t\t\t\t<a class=\"elementor-toggle-title\" tabindex=\"0\">Kann ich die Urne ins Flugzeug nehmen?<\/a>\n\t\t\t\t\t<\/h5>\n\n\t\t\t\t\t<div id=\"elementor-tab-content-1611\" class=\"elementor-tab-content elementor-clearfix\" data-tab=\"1\" role=\"region\" aria-labelledby=\"elementor-tab-title-1611\"><p>Bei einem Transport im Flugzeug muss die Urne mit dem beigef\u00fcgten Siegel verschlossen werden. Dar\u00fcber hinaus empfehlen wir, die Urne in einer zus\u00e4tzlichen Plastikt\u00fcte zu verpacken.<\/p>\n<\/div>\n\t\t\t\t<\/div>\n\t\t\t\t\t\t\t<div class=\"elementor-toggle-item\">\n\t\t\t\t\t<h5 id=\"elementor-tab-title-1612\" class=\"elementor-tab-title\" data-tab=\"2\" role=\"button\" aria-controls=\"elementor-tab-content-1612\" aria-expanded=\"false\">\n\t\t\t\t\t\t\t\t\t\t\t\t<span class=\"elementor-toggle-icon elementor-toggle-icon-right\" aria-hidden=\"true\">\n\t\t\t\t\t\t\t\t\t\t\t\t\t\t\t<span class=\"elementor-toggle-icon-closed\"><svg xmlns=\"http:\/\/www.w3.org\/2000\/svg\" id=\"b159ff04-3740-4ac3-96cc-b414ded50b3a\" data-name=\"Layer 1\" width=\"16\" height=\"16\" viewBox=\"0 0 16 16\"><polygon points=\"8.39 7.64 8.39 0 7.61 0 7.61 7.64 0 7.64 0 8.4 7.61 8.4 7.61 16 8.39 16 8.39 8.4 16 8.4 16 7.64 8.39 7.64\"><\/polygon><\/svg><\/span>\n\t\t\t\t\t\t\t\t<span class=\"elementor-toggle-icon-opened\"><svg xmlns=\"http:\/\/www.w3.org\/2000\/svg\" id=\"adf49d60-5815-4ece-8d49-00a021de5c06\" data-name=\"Layer 1\" width=\"16\" height=\"16\" viewBox=\"0 0 16 16\"><rect width=\"16\" height=\"16\" style=\"opacity:0\"><\/rect><rect y=\"7.64\" width=\"16\" height=\"0.76\"><\/rect><\/svg><\/span>\n\t\t\t\t\t\t\t\t\t\t\t\t\t<\/span>\n\t\t\t\t\t\t\t\t\t\t\t\t<a class=\"elementor-toggle-title\" tabindex=\"0\">Ist die Urne innerhalb von 24h erh\u00e4ltlich?<\/a>\n\t\t\t\t\t<\/h5>\n\n\t\t\t\t\t<div id=\"elementor-tab-content-1612\" class=\"elementor-tab-content elementor-clearfix\" data-tab=\"2\" role=\"region\" aria-labelledby=\"elementor-tab-title-1612\"><p>Wenn die Bestellung vor 15 Uhr eintrifft, versenden wir die Urne am selben Tag. Gem\u00e4ss der Schweizerischen Post sollte die Urne am n\u00e4chsten Tag beim Kunden eintreffen.<\/p>\n<\/div>\n\t\t\t\t<\/div>\n\t\t\t\t\t\t\t<div class=\"elementor-toggle-item\">\n\t\t\t\t\t<h5 id=\"elementor-tab-title-1613\" class=\"elementor-tab-title\" data-tab=\"3\" role=\"button\" aria-controls=\"elementor-tab-content-1613\" aria-expanded=\"false\">\n\t\t\t\t\t\t\t\t\t\t\t\t<span class=\"elementor-toggle-icon elementor-toggle-icon-right\" aria-hidden=\"true\">\n\t\t\t\t\t\t\t\t\t\t\t\t\t\t\t<span class=\"elementor-toggle-icon-closed\"><svg xmlns=\"http:\/\/www.w3.org\/2000\/svg\" id=\"b159ff04-3740-4ac3-96cc-b414ded50b3a\" data-name=\"Layer 1\" width=\"16\" height=\"16\" viewBox=\"0 0 16 16\"><polygon points=\"8.39 7.64 8.39 0 7.61 0 7.61 7.64 0 7.64 0 8.4 7.61 8.4 7.61 16 8.39 16 8.39 8.4 16 8.4 16 7.64 8.39 7.64\"><\/polygon><\/svg><\/span>\n\t\t\t\t\t\t\t\t<span class=\"elementor-toggle-icon-opened\"><svg xmlns=\"http:\/\/www.w3.org\/2000\/svg\" id=\"adf49d60-5815-4ece-8d49-00a021de5c06\" data-name=\"Layer 1\" width=\"16\" height=\"16\" viewBox=\"0 0 16 16\"><rect width=\"16\" height=\"16\" style=\"opacity:0\"><\/rect><rect y=\"7.64\" width=\"16\" height=\"0.76\"><\/rect><\/svg><\/span>\n\t\t\t\t\t\t\t\t\t\t\t\t\t<\/span>\n\t\t\t\t\t\t\t\t\t\t\t\t<a class=\"elementor-toggle-title\" tabindex=\"0\">Wie lange dauert der Kremationsvorgang?<\/a>\n\t\t\t\t\t<\/h5>\n\n\t\t\t\t\t<div id=\"elementor-tab-content-1613\" class=\"elementor-tab-content elementor-clearfix\" data-tab=\"3\" role=\"region\" aria-labelledby=\"elementor-tab-title-1613\"><p>Vom Zeitpunkt der Einfahrt in den Kremationsofen bis zur Abf\u00fcllung der Asche in die Urne muss mit einer Zeitspanne von 2 h gerechnet werden.<\/p>\n<\/div>\n\t\t\t\t<\/div>\n\t\t\t\t\t\t\t<div class=\"elementor-toggle-item\">\n\t\t\t\t\t<h5 id=\"elementor-tab-title-1614\" class=\"elementor-tab-title\" data-tab=\"4\" role=\"button\" aria-controls=\"elementor-tab-content-1614\" aria-expanded=\"false\">\n\t\t\t\t\t\t\t\t\t\t\t\t<span class=\"elementor-toggle-icon elementor-toggle-icon-right\" aria-hidden=\"true\">\n\t\t\t\t\t\t\t\t\t\t\t\t\t\t\t<span class=\"elementor-toggle-icon-closed\"><svg xmlns=\"http:\/\/www.w3.org\/2000\/svg\" id=\"b159ff04-3740-4ac3-96cc-b414ded50b3a\" data-name=\"Layer 1\" width=\"16\" height=\"16\" viewBox=\"0 0 16 16\"><polygon points=\"8.39 7.64 8.39 0 7.61 0 7.61 7.64 0 7.64 0 8.4 7.61 8.4 7.61 16 8.39 16 8.39 8.4 16 8.4 16 7.64 8.39 7.64\"><\/polygon><\/svg><\/span>\n\t\t\t\t\t\t\t\t<span class=\"elementor-toggle-icon-opened\"><svg xmlns=\"http:\/\/www.w3.org\/2000\/svg\" id=\"adf49d60-5815-4ece-8d49-00a021de5c06\" data-name=\"Layer 1\" width=\"16\" height=\"16\" viewBox=\"0 0 16 16\"><rect width=\"16\" height=\"16\" style=\"opacity:0\"><\/rect><rect y=\"7.64\" width=\"16\" height=\"0.76\"><\/rect><\/svg><\/span>\n\t\t\t\t\t\t\t\t\t\t\t\t\t<\/span>\n\t\t\t\t\t\t\t\t\t\t\t\t<a class=\"elementor-toggle-title\" tabindex=\"0\">Muss f\u00fcr die Kremierung bereits eine Urne mitgeliefert werden?<\/a>\n\t\t\t\t\t<\/h5>\n\n\t\t\t\t\t<div id=\"elementor-tab-content-1614\" class=\"elementor-tab-content elementor-clearfix\" data-tab=\"4\" role=\"region\" aria-labelledby=\"elementor-tab-title-1614\"><p>Normalerweise wird die Asche nach der Ein\u00e4scherung in eine Aschenkapsel oder einen Aschenbeutel gef\u00fcllt und mit einem Etikett gekennzeichnet. Wenn eine pers\u00f6nliche Urne zur Verf\u00fcgung steht, wird die Asche vom Kremations- oder Bestattungsunternehmen in den Beh\u00e4lter gef\u00fcllt. <\/p>\n<\/div>\n\t\t\t\t<\/div>\n\t\t\t\t\t\t\t<div class=\"elementor-toggle-item\">\n\t\t\t\t\t<h5 id=\"elementor-tab-title-1615\" class=\"elementor-tab-title\" data-tab=\"5\" role=\"button\" aria-controls=\"elementor-tab-content-1615\" aria-expanded=\"false\">\n\t\t\t\t\t\t\t\t\t\t\t\t<span class=\"elementor-toggle-icon elementor-toggle-icon-right\" aria-hidden=\"true\">\n\t\t\t\t\t\t\t\t\t\t\t\t\t\t\t<span class=\"elementor-toggle-icon-closed\"><svg xmlns=\"http:\/\/www.w3.org\/2000\/svg\" id=\"b159ff04-3740-4ac3-96cc-b414ded50b3a\" data-name=\"Layer 1\" width=\"16\" height=\"16\" viewBox=\"0 0 16 16\"><polygon points=\"8.39 7.64 8.39 0 7.61 0 7.61 7.64 0 7.64 0 8.4 7.61 8.4 7.61 16 8.39 16 8.39 8.4 16 8.4 16 7.64 8.39 7.64\"><\/polygon><\/svg><\/span>\n\t\t\t\t\t\t\t\t<span class=\"elementor-toggle-icon-opened\"><svg xmlns=\"http:\/\/www.w3.org\/2000\/svg\" id=\"adf49d60-5815-4ece-8d49-00a021de5c06\" data-name=\"Layer 1\" width=\"16\" height=\"16\" viewBox=\"0 0 16 16\"><rect width=\"16\" height=\"16\" style=\"opacity:0\"><\/rect><rect y=\"7.64\" width=\"16\" height=\"0.76\"><\/rect><\/svg><\/span>\n\t\t\t\t\t\t\t\t\t\t\t\t\t<\/span>\n\t\t\t\t\t\t\t\t\t\t\t\t<a class=\"elementor-toggle-title\" tabindex=\"0\">D\u00fcrfen Verstorbene mit Kleidern einge\u00e4schert werden?<\/a>\n\t\t\t\t\t<\/h5>\n\n\t\t\t\t\t<div id=\"elementor-tab-content-1615\" class=\"elementor-tab-content elementor-clearfix\" data-tab=\"5\" role=\"region\" aria-labelledby=\"elementor-tab-title-1615\"><p>Bei der Ein\u00e4scherung ist es kein Problem, Kleidungsst\u00fccke zu verbrennen.<\/p>\n<\/div>\n\t\t\t\t<\/div>\n\t\t\t\t\t\t\t<div class=\"elementor-toggle-item\">\n\t\t\t\t\t<h5 id=\"elementor-tab-title-1616\" class=\"elementor-tab-title\" data-tab=\"6\" role=\"button\" aria-controls=\"elementor-tab-content-1616\" aria-expanded=\"false\">\n\t\t\t\t\t\t\t\t\t\t\t\t<span class=\"elementor-toggle-icon elementor-toggle-icon-right\" aria-hidden=\"true\">\n\t\t\t\t\t\t\t\t\t\t\t\t\t\t\t<span class=\"elementor-toggle-icon-closed\"><svg xmlns=\"http:\/\/www.w3.org\/2000\/svg\" id=\"b159ff04-3740-4ac3-96cc-b414ded50b3a\" data-name=\"Layer 1\" width=\"16\" height=\"16\" viewBox=\"0 0 16 16\"><polygon points=\"8.39 7.64 8.39 0 7.61 0 7.61 7.64 0 7.64 0 8.4 7.61 8.4 7.61 16 8.39 16 8.39 8.4 16 8.4 16 7.64 8.39 7.64\"><\/polygon><\/svg><\/span>\n\t\t\t\t\t\t\t\t<span class=\"elementor-toggle-icon-opened\"><svg xmlns=\"http:\/\/www.w3.org\/2000\/svg\" id=\"adf49d60-5815-4ece-8d49-00a021de5c06\" data-name=\"Layer 1\" width=\"16\" height=\"16\" viewBox=\"0 0 16 16\"><rect width=\"16\" height=\"16\" style=\"opacity:0\"><\/rect><rect y=\"7.64\" width=\"16\" height=\"0.76\"><\/rect><\/svg><\/span>\n\t\t\t\t\t\t\t\t\t\t\t\t\t<\/span>\n\t\t\t\t\t\t\t\t\t\t\t\t<a class=\"elementor-toggle-title\" tabindex=\"0\">Braucht es f\u00fcr die Kremierung einen Holzsarg?<\/a>\n\t\t\t\t\t<\/h5>\n\n\t\t\t\t\t<div id=\"elementor-tab-content-1616\" class=\"elementor-tab-content elementor-clearfix\" data-tab=\"6\" role=\"region\" aria-labelledby=\"elementor-tab-title-1616\"><p>Ein Holzsarg ist f\u00fcr die Feuerbestattung in der Schweiz vorgeschrieben, da das Holz entscheidend ist f\u00fcr die Selbstentz\u00fcndung des K\u00f6rpers. Anders als bei einem herk\u00f6mmlichen Feuer werden bei einer Kremation keine Entz\u00fcndungshilfen verwendet. Zudem stellt man mit dem Holzsarg sicher, dass nach dem Kremationsvorgang nur die Asche des Verstorbenen entnommen wird.  <\/p>\n<\/div>\n\t\t\t\t<\/div>\n\t\t\t\t\t\t\t<div class=\"elementor-toggle-item\">\n\t\t\t\t\t<h5 id=\"elementor-tab-title-1617\" class=\"elementor-tab-title\" data-tab=\"7\" role=\"button\" aria-controls=\"elementor-tab-content-1617\" aria-expanded=\"false\">\n\t\t\t\t\t\t\t\t\t\t\t\t<span class=\"elementor-toggle-icon elementor-toggle-icon-right\" aria-hidden=\"true\">\n\t\t\t\t\t\t\t\t\t\t\t\t\t\t\t<span class=\"elementor-toggle-icon-closed\"><svg xmlns=\"http:\/\/www.w3.org\/2000\/svg\" id=\"b159ff04-3740-4ac3-96cc-b414ded50b3a\" data-name=\"Layer 1\" width=\"16\" height=\"16\" viewBox=\"0 0 16 16\"><polygon points=\"8.39 7.64 8.39 0 7.61 0 7.61 7.64 0 7.64 0 8.4 7.61 8.4 7.61 16 8.39 16 8.39 8.4 16 8.4 16 7.64 8.39 7.64\"><\/polygon><\/svg><\/span>\n\t\t\t\t\t\t\t\t<span class=\"elementor-toggle-icon-opened\"><svg xmlns=\"http:\/\/www.w3.org\/2000\/svg\" id=\"adf49d60-5815-4ece-8d49-00a021de5c06\" data-name=\"Layer 1\" width=\"16\" height=\"16\" viewBox=\"0 0 16 16\"><rect width=\"16\" height=\"16\" style=\"opacity:0\"><\/rect><rect y=\"7.64\" width=\"16\" height=\"0.76\"><\/rect><\/svg><\/span>\n\t\t\t\t\t\t\t\t\t\t\t\t\t<\/span>\n\t\t\t\t\t\t\t\t\t\t\t\t<a class=\"elementor-toggle-title\" tabindex=\"0\">Welche Temperaturen herrschen bei einer Feuerbestattung?<\/a>\n\t\t\t\t\t<\/h5>\n\n\t\t\t\t\t<div id=\"elementor-tab-content-1617\" class=\"elementor-tab-content elementor-clearfix\" data-tab=\"7\" role=\"region\" aria-labelledby=\"elementor-tab-title-1617\"><p>Bei der Ein\u00e4scherung wird der K\u00f6rper des Verstorbenen in einem Kremationsofen bei einer Temperatur von 900\u00b0 C bis 1300\u00b0 C verbrannt, bis nur noch Knochenasche \u00fcbrig bleibt. Die Asche wird zudem maschinell zu einem feinen Staub zermahlen. <\/p>\n<\/div>\n\t\t\t\t<\/div>\n\t\t\t\t\t\t\t<div class=\"elementor-toggle-item\">\n\t\t\t\t\t<h5 id=\"elementor-tab-title-1618\" class=\"elementor-tab-title\" data-tab=\"8\" role=\"button\" aria-controls=\"elementor-tab-content-1618\" aria-expanded=\"false\">\n\t\t\t\t\t\t\t\t\t\t\t\t<span class=\"elementor-toggle-icon elementor-toggle-icon-right\" aria-hidden=\"true\">\n\t\t\t\t\t\t\t\t\t\t\t\t\t\t\t<span class=\"elementor-toggle-icon-closed\"><svg xmlns=\"http:\/\/www.w3.org\/2000\/svg\" id=\"b159ff04-3740-4ac3-96cc-b414ded50b3a\" data-name=\"Layer 1\" width=\"16\" height=\"16\" viewBox=\"0 0 16 16\"><polygon points=\"8.39 7.64 8.39 0 7.61 0 7.61 7.64 0 7.64 0 8.4 7.61 8.4 7.61 16 8.39 16 8.39 8.4 16 8.4 16 7.64 8.39 7.64\"><\/polygon><\/svg><\/span>\n\t\t\t\t\t\t\t\t<span class=\"elementor-toggle-icon-opened\"><svg xmlns=\"http:\/\/www.w3.org\/2000\/svg\" id=\"adf49d60-5815-4ece-8d49-00a021de5c06\" data-name=\"Layer 1\" width=\"16\" height=\"16\" viewBox=\"0 0 16 16\"><rect width=\"16\" height=\"16\" style=\"opacity:0\"><\/rect><rect y=\"7.64\" width=\"16\" height=\"0.76\"><\/rect><\/svg><\/span>\n\t\t\t\t\t\t\t\t\t\t\t\t\t<\/span>\n\t\t\t\t\t\t\t\t\t\t\t\t<a class=\"elementor-toggle-title\" tabindex=\"0\">Kann man eine Beerdigung ohne Bestattungsunternehmen organisieren?<\/a>\n\t\t\t\t\t<\/h5>\n\n\t\t\t\t\t<div id=\"elementor-tab-content-1618\" class=\"elementor-tab-content elementor-clearfix\" data-tab=\"8\" role=\"region\" aria-labelledby=\"elementor-tab-title-1618\"><p>Der Bestatter organisiert den sicheren und hygienischen Transport ins Krematorium. Sie sind jedoch frei f\u00fcr die Gestaltung der Zeremonie, f\u00fcr den Kauf der Urne oder anderen Dekomaterialien. <\/p>\n<\/div>\n\t\t\t\t<\/div>\n\t\t\t\t\t\t\t\t\t\t<script type=\"application\/ld+json\">{\"@context\":\"https:\\\/\\\/schema.org\",\"@type\":\"FAQPage\",\"mainEntity\":[{\"@type\":\"Question\",\"name\":\"Kann ich die Urne ins Flugzeug nehmen?\",\"acceptedAnswer\":{\"@type\":\"Answer\",\"text\":\"<p>Bei einem Transport im Flugzeug muss die Urne mit dem beigef\\u00fcgten Siegel verschlossen werden. Dar\\u00fcber hinaus empfehlen wir, die Urne in einer zus\\u00e4tzlichen Plastikt\\u00fcte zu verpacken.<\\\/p>\\n\"}},{\"@type\":\"Question\",\"name\":\"Ist die Urne innerhalb von 24h erh\\u00e4ltlich?\",\"acceptedAnswer\":{\"@type\":\"Answer\",\"text\":\"<p>Wenn die Bestellung vor 15 Uhr eintrifft, versenden wir die Urne am selben Tag. Gem\\u00e4ss der Schweizerischen Post sollte die Urne am n\\u00e4chsten Tag beim Kunden eintreffen.<\\\/p>\\n\"}},{\"@type\":\"Question\",\"name\":\"Wie lange dauert der Kremationsvorgang?\",\"acceptedAnswer\":{\"@type\":\"Answer\",\"text\":\"<p>Vom Zeitpunkt der Einfahrt in den Kremationsofen bis zur Abf\\u00fcllung der Asche in die Urne muss mit einer Zeitspanne von 2 h gerechnet werden.<\\\/p>\\n\"}},{\"@type\":\"Question\",\"name\":\"Muss f\\u00fcr die Kremierung bereits eine Urne mitgeliefert werden?\",\"acceptedAnswer\":{\"@type\":\"Answer\",\"text\":\"<p>Normalerweise wird die Asche nach der Ein\\u00e4scherung in eine Aschenkapsel oder einen Aschenbeutel gef\\u00fcllt und mit einem Etikett gekennzeichnet. Wenn eine pers\\u00f6nliche Urne zur Verf\\u00fcgung steht, wird die Asche vom Kremations- oder Bestattungsunternehmen in den Beh\\u00e4lter gef\\u00fcllt. <\\\/p>\\n\"}},{\"@type\":\"Question\",\"name\":\"D\\u00fcrfen Verstorbene mit Kleidern einge\\u00e4schert werden?\",\"acceptedAnswer\":{\"@type\":\"Answer\",\"text\":\"<p>Bei der Ein\\u00e4scherung ist es kein Problem, Kleidungsst\\u00fccke zu verbrennen.<\\\/p>\\n\"}},{\"@type\":\"Question\",\"name\":\"Braucht es f\\u00fcr die Kremierung einen Holzsarg?\",\"acceptedAnswer\":{\"@type\":\"Answer\",\"text\":\"<p>Ein Holzsarg ist f\\u00fcr die Feuerbestattung in der Schweiz vorgeschrieben, da das Holz entscheidend ist f\\u00fcr die Selbstentz\\u00fcndung des K\\u00f6rpers. Anders als bei einem herk\\u00f6mmlichen Feuer werden bei einer Kremation keine Entz\\u00fcndungshilfen verwendet. Zudem stellt man mit dem Holzsarg sicher, dass nach dem Kremationsvorgang nur die Asche des Verstorbenen entnommen wird.  <\\\/p>\\n\"}},{\"@type\":\"Question\",\"name\":\"Welche Temperaturen herrschen bei einer Feuerbestattung?\",\"acceptedAnswer\":{\"@type\":\"Answer\",\"text\":\"<p>Bei der Ein\\u00e4scherung wird der K\\u00f6rper des Verstorbenen in einem Kremationsofen bei einer Temperatur von 900\\u00b0 C bis 1300\\u00b0 C verbrannt, bis nur noch Knochenasche \\u00fcbrig bleibt. Die Asche wird zudem maschinell zu einem feinen Staub zermahlen. <\\\/p>\\n\"}},{\"@type\":\"Question\",\"name\":\"Kann man eine Beerdigung ohne Bestattungsunternehmen organisieren?\",\"acceptedAnswer\":{\"@type\":\"Answer\",\"text\":\"<p>Der Bestatter organisiert den sicheren und hygienischen Transport ins Krematorium. Sie sind jedoch frei f\\u00fcr die Gestaltung der Zeremonie, f\\u00fcr den Kauf der Urne oder anderen Dekomaterialien. <\\\/p>\\n\"}}]}<\/script>\n\t\t\t\t\t<\/div>\n\t\t\t\t\t\t<\/div>\n\t\t\t\t<\/div>\n\t\t\t\t<\/div>\n\t\t\t\t\t<\/div>\n\t\t\t\t<\/div>\n\t\t\t\t<\/div>\n\t\t<\/div>\n\t\t\t\t\t\t<\/div>\n\t\t\t\t<\/div>\n\t\t\t\t<\/div>\n\t\t\t\t<\/div>\n\t\t","protected":false},"excerpt":{"rendered":"<p>FAQ In einer Zeit, in der die Ein\u00e4scherung und die pers\u00f6nliche Abschiedszeremonie immer mehr an Bedeutung gewinnen, bieten unsere Urnen eine L\u00f6sung, die sowohl den emotionalen als auch den praktischen Bed\u00fcrfnissen der Trauergemeinde gerecht wird. Es handelt sich um eine Konzeption, die das Andenken an den Verstorbenen ehrt und es den Hinterbliebenen gleichzeitig erm\u00f6glicht, die [&hellip;]<\/p>\n","protected":false},"author":1,"featured_media":0,"parent":0,"menu_order":0,"comment_status":"closed","ping_status":"closed","template":"","meta":{"_monsterinsights_skip_tracking":false,"_monsterinsights_sitenote_active":false,"_monsterinsights_sitenote_note":"","_monsterinsights_sitenote_category":0,"footnotes":""},"class_list":["post-288","page","type-page","status-publish","hentry"],"yoast_head":"<!-- This site is optimized with the Yoast SEO plugin v25.7 - https:\/\/yoast.com\/wordpress\/plugins\/seo\/ -->\n<title>Umweltfreundliche Urnen und Zubeh\u00f6r aus nachhaltigen Materialien &#8211; Gr\u00fctli Urnes<\/title>\n<meta name=\"description\" content=\"Entdecken Sie unsere umweltfreundlichen und in der Schweiz hergestellten Trauerurnen aus biologisch abbaubarem Karton, bedruckt mit nat\u00fcrlichen Farben f\u00fcr eine respektvolle Zeremonie.\" \/>\n<meta name=\"robots\" content=\"index, follow, max-snippet:-1, max-image-preview:large, max-video-preview:-1\" \/>\n<link rel=\"canonical\" href=\"https:\/\/gruetli.com\/de\/umweltfreundliche-urnen-faq\/\" \/>\n<meta property=\"og:locale\" content=\"de_DE\" \/>\n<meta property=\"og:type\" content=\"article\" \/>\n<meta property=\"og:title\" content=\"Umweltfreundliche Urnen und Zubeh\u00f6r aus nachhaltigen Materialien &#8211; Gr\u00fctli Urnes\" \/>\n<meta property=\"og:description\" content=\"Entdecken Sie unsere umweltfreundlichen und in der Schweiz hergestellten Trauerurnen aus biologisch abbaubarem Karton, bedruckt mit nat\u00fcrlichen Farben f\u00fcr eine respektvolle Zeremonie.\" \/>\n<meta property=\"og:url\" content=\"https:\/\/gruetli.com\/de\/umweltfreundliche-urnen-faq\/\" \/>\n<meta property=\"og:site_name\" content=\"Gr\u00fctli Urnes\" \/>\n<meta property=\"article:modified_time\" content=\"2024-12-17T14:34:13+00:00\" \/>\n<meta property=\"og:image\" content=\"https:\/\/gruetli.com\/wp-content\/uploads\/2024\/05\/urnes.webp\" \/>\n\t<meta property=\"og:image:width\" content=\"1200\" \/>\n\t<meta property=\"og:image:height\" content=\"930\" \/>\n\t<meta property=\"og:image:type\" content=\"image\/webp\" \/>\n<meta name=\"twitter:card\" content=\"summary_large_image\" \/>\n<meta name=\"twitter:label1\" content=\"Gesch\u00e4tzte Lesezeit\" \/>\n\t<meta name=\"twitter:data1\" content=\"1\u00a0Minute\" \/>\n<script type=\"application\/ld+json\" class=\"yoast-schema-graph\">{\"@context\":\"https:\/\/schema.org\",\"@graph\":[{\"@type\":\"WebPage\",\"@id\":\"https:\/\/gruetli.com\/de\/umweltfreundliche-urnen-faq\/\",\"url\":\"https:\/\/gruetli.com\/de\/umweltfreundliche-urnen-faq\/\",\"name\":\"Umweltfreundliche Urnen und Zubeh\u00f6r aus nachhaltigen Materialien &#8211; Gr\u00fctli Urnes\",\"isPartOf\":{\"@id\":\"https:\/\/gruetli.com\/#website\"},\"datePublished\":\"2024-04-26T06:22:53+00:00\",\"dateModified\":\"2024-12-17T14:34:13+00:00\",\"description\":\"Entdecken Sie unsere umweltfreundlichen und in der Schweiz hergestellten Trauerurnen aus biologisch abbaubarem Karton, bedruckt mit nat\u00fcrlichen Farben f\u00fcr eine respektvolle Zeremonie.\",\"breadcrumb\":{\"@id\":\"https:\/\/gruetli.com\/de\/umweltfreundliche-urnen-faq\/#breadcrumb\"},\"inLanguage\":\"de\",\"potentialAction\":[{\"@type\":\"ReadAction\",\"target\":[\"https:\/\/gruetli.com\/de\/umweltfreundliche-urnen-faq\/\"]}]},{\"@type\":\"BreadcrumbList\",\"@id\":\"https:\/\/gruetli.com\/de\/umweltfreundliche-urnen-faq\/#breadcrumb\",\"itemListElement\":[{\"@type\":\"ListItem\",\"position\":1,\"name\":\"Accueil\",\"item\":\"https:\/\/gruetli.com\/de\/urnen\/\"},{\"@type\":\"ListItem\",\"position\":2,\"name\":\"Umweltfreundliche Urnen &#8211; FAQ\"}]},{\"@type\":\"WebSite\",\"@id\":\"https:\/\/gruetli.com\/#website\",\"url\":\"https:\/\/gruetli.com\/\",\"name\":\"Gr\u00fctli Urnes\",\"description\":\"Urnes fun\u00e9raires \u00e9coresponsables en carton biod\u00e9gradable imprim\u00e9es avec des encres naturelles pour un hommage respectueux.\",\"publisher\":{\"@id\":\"https:\/\/gruetli.com\/#organization\"},\"alternateName\":\"Gr\u00fctli Urnes\",\"potentialAction\":[{\"@type\":\"SearchAction\",\"target\":{\"@type\":\"EntryPoint\",\"urlTemplate\":\"https:\/\/gruetli.com\/?s={search_term_string}\"},\"query-input\":{\"@type\":\"PropertyValueSpecification\",\"valueRequired\":true,\"valueName\":\"search_term_string\"}}],\"inLanguage\":\"de\"},{\"@type\":\"Organization\",\"@id\":\"https:\/\/gruetli.com\/#organization\",\"name\":\"Gr\u00fctli Urnes\",\"url\":\"https:\/\/gruetli.com\/\",\"logo\":{\"@type\":\"ImageObject\",\"inLanguage\":\"de\",\"@id\":\"https:\/\/gruetli.com\/#\/schema\/logo\/image\/\",\"url\":\"https:\/\/gruetli.com\/wp-content\/uploads\/2024\/06\/gruetli_logo_email.png\",\"contentUrl\":\"https:\/\/gruetli.com\/wp-content\/uploads\/2024\/06\/gruetli_logo_email.png\",\"width\":300,\"height\":106,\"caption\":\"Gr\u00fctli Urnes\"},\"image\":{\"@id\":\"https:\/\/gruetli.com\/#\/schema\/logo\/image\/\"}}]}<\/script>\n<!-- \/ Yoast SEO plugin. -->","yoast_head_json":{"title":"Umweltfreundliche Urnen und Zubeh\u00f6r aus nachhaltigen Materialien &#8211; Gr\u00fctli Urnes","description":"Entdecken Sie unsere umweltfreundlichen und in der Schweiz hergestellten Trauerurnen aus biologisch abbaubarem Karton, bedruckt mit nat\u00fcrlichen Farben f\u00fcr eine respektvolle Zeremonie.","robots":{"index":"index","follow":"follow","max-snippet":"max-snippet:-1","max-image-preview":"max-image-preview:large","max-video-preview":"max-video-preview:-1"},"canonical":"https:\/\/gruetli.com\/de\/umweltfreundliche-urnen-faq\/","og_locale":"de_DE","og_type":"article","og_title":"Umweltfreundliche Urnen und Zubeh\u00f6r aus nachhaltigen Materialien &#8211; Gr\u00fctli Urnes","og_description":"Entdecken Sie unsere umweltfreundlichen und in der Schweiz hergestellten Trauerurnen aus biologisch abbaubarem Karton, bedruckt mit nat\u00fcrlichen Farben f\u00fcr eine respektvolle Zeremonie.","og_url":"https:\/\/gruetli.com\/de\/umweltfreundliche-urnen-faq\/","og_site_name":"Gr\u00fctli Urnes","article_modified_time":"2024-12-17T14:34:13+00:00","og_image":[{"width":1200,"height":930,"url":"https:\/\/gruetli.com\/wp-content\/uploads\/2024\/05\/urnes.webp","type":"image\/webp"}],"twitter_card":"summary_large_image","twitter_misc":{"Gesch\u00e4tzte Lesezeit":"1\u00a0Minute"},"schema":{"@context":"https:\/\/schema.org","@graph":[{"@type":"WebPage","@id":"https:\/\/gruetli.com\/de\/umweltfreundliche-urnen-faq\/","url":"https:\/\/gruetli.com\/de\/umweltfreundliche-urnen-faq\/","name":"Umweltfreundliche Urnen und Zubeh\u00f6r aus nachhaltigen Materialien &#8211; Gr\u00fctli Urnes","isPartOf":{"@id":"https:\/\/gruetli.com\/#website"},"datePublished":"2024-04-26T06:22:53+00:00","dateModified":"2024-12-17T14:34:13+00:00","description":"Entdecken Sie unsere umweltfreundlichen und in der Schweiz hergestellten Trauerurnen aus biologisch abbaubarem Karton, bedruckt mit nat\u00fcrlichen Farben f\u00fcr eine respektvolle Zeremonie.","breadcrumb":{"@id":"https:\/\/gruetli.com\/de\/umweltfreundliche-urnen-faq\/#breadcrumb"},"inLanguage":"de","potentialAction":[{"@type":"ReadAction","target":["https:\/\/gruetli.com\/de\/umweltfreundliche-urnen-faq\/"]}]},{"@type":"BreadcrumbList","@id":"https:\/\/gruetli.com\/de\/umweltfreundliche-urnen-faq\/#breadcrumb","itemListElement":[{"@type":"ListItem","position":1,"name":"Accueil","item":"https:\/\/gruetli.com\/de\/urnen\/"},{"@type":"ListItem","position":2,"name":"Umweltfreundliche Urnen &#8211; FAQ"}]},{"@type":"WebSite","@id":"https:\/\/gruetli.com\/#website","url":"https:\/\/gruetli.com\/","name":"Gr\u00fctli Urnes","description":"Urnes fun\u00e9raires \u00e9coresponsables en carton biod\u00e9gradable imprim\u00e9es avec des encres naturelles pour un hommage respectueux.","publisher":{"@id":"https:\/\/gruetli.com\/#organization"},"alternateName":"Gr\u00fctli Urnes","potentialAction":[{"@type":"SearchAction","target":{"@type":"EntryPoint","urlTemplate":"https:\/\/gruetli.com\/?s={search_term_string}"},"query-input":{"@type":"PropertyValueSpecification","valueRequired":true,"valueName":"search_term_string"}}],"inLanguage":"de"},{"@type":"Organization","@id":"https:\/\/gruetli.com\/#organization","name":"Gr\u00fctli Urnes","url":"https:\/\/gruetli.com\/","logo":{"@type":"ImageObject","inLanguage":"de","@id":"https:\/\/gruetli.com\/#\/schema\/logo\/image\/","url":"https:\/\/gruetli.com\/wp-content\/uploads\/2024\/06\/gruetli_logo_email.png","contentUrl":"https:\/\/gruetli.com\/wp-content\/uploads\/2024\/06\/gruetli_logo_email.png","width":300,"height":106,"caption":"Gr\u00fctli Urnes"},"image":{"@id":"https:\/\/gruetli.com\/#\/schema\/logo\/image\/"}}]}},"_links":{"self":[{"href":"https:\/\/gruetli.com\/de\/wp-json\/wp\/v2\/pages\/288","targetHints":{"allow":["GET"]}}],"collection":[{"href":"https:\/\/gruetli.com\/de\/wp-json\/wp\/v2\/pages"}],"about":[{"href":"https:\/\/gruetli.com\/de\/wp-json\/wp\/v2\/types\/page"}],"author":[{"embeddable":true,"href":"https:\/\/gruetli.com\/de\/wp-json\/wp\/v2\/users\/1"}],"replies":[{"embeddable":true,"href":"https:\/\/gruetli.com\/de\/wp-json\/wp\/v2\/comments?post=288"}],"version-history":[{"count":28,"href":"https:\/\/gruetli.com\/de\/wp-json\/wp\/v2\/pages\/288\/revisions"}],"predecessor-version":[{"id":1342,"href":"https:\/\/gruetli.com\/de\/wp-json\/wp\/v2\/pages\/288\/revisions\/1342"}],"wp:attachment":[{"href":"https:\/\/gruetli.com\/de\/wp-json\/wp\/v2\/media?parent=288"}],"curies":[{"name":"wp","href":"https:\/\/api.w.org\/{rel}","templated":true}]}}